{"id":10054,"date":"2025-10-28T08:11:48","date_gmt":"2025-10-28T07:11:48","guid":{"rendered":"https:\/\/devacuabit.es\/aguillen\/studio\/?page_id=10054"},"modified":"2025-11-13T11:56:31","modified_gmt":"2025-11-13T10:56:31","slug":"bautizos","status":"publish","type":"page","link":"https:\/\/alexguillenfotografo.com\/studio\/bautizos\/","title":{"rendered":"Bautizos"},"content":{"rendered":"<p>[et_pb_section fb_built=\u00bb1&#8243; make_equal=\u00bbon\u00bb use_custom_gutter=\u00bbon\u00bb gutter_width=\u00bb1&#8243; specialty=\u00bbon\u00bb padding_left_3=\u00bb20px\u00bb padding_top_bottom_link_2=\u00bbfalse\u00bb padding_top_bottom_link_3=\u00bbfalse\u00bb padding_left_right_link_2=\u00bbfalse\u00bb padding_left_right_link_3=\u00bbfalse\u00bb module_class=\u00bbintro-studio seccionesh\u00bb _builder_version=\u00bb4.27.4&#8243; _module_preset=\u00bbdefault\u00bb inner_width=\u00bb1640px\u00bb global_colors_info=\u00bb{}\u00bb][et_pb_column type=\u00bb1_2&#8243; specialty_columns=\u00bb2&#8243; _builder_version=\u00bb4.16&#8243; custom_padding=\u00bb|||\u00bb global_colors_info=\u00bb{}\u00bb custom_padding__hover=\u00bb|||\u00bb][et_pb_row_inner _builder_version=\u00bb4.27.4&#8243; _module_preset=\u00bbdefault\u00bb global_colors_info=\u00bb{}\u00bb][et_pb_column_inner saved_specialty_column_type=\u00bb1_2&#8243; _builder_version=\u00bb4.27.4&#8243; _module_preset=\u00bbdefault\u00bb custom_padding=\u00bb|5rem|||false|false\u00bb global_colors_info=\u00bb{}\u00bb][et_pb_text module_class=\u00bbtitulares_2&#8243; _builder_version=\u00bb4.27.4&#8243; _module_preset=\u00bbdefault\u00bb text_font=\u00bb&#8211;et_global_heading_font|600|||||||\u00bb text_font_size=\u00bb46px\u00bb text_letter_spacing=\u00bb2px\u00bb text_line_height=\u00bb1.25em\u00bb header_font=\u00bb|600|||||||\u00bb custom_margin=\u00bb||10px||false|false\u00bb global_colors_info=\u00bb{}\u00bb]<\/p>\n<h1>Fot\u00f3grafo de bautizos en M\u00e1laga<\/h1>\n<p>[\/et_pb_text][et_pb_text module_class=\u00bbtseccion subtitulo_2&#8243; _builder_version=\u00bb4.27.4&#8243; _module_preset=\u00bbdefault\u00bb text_font=\u00bb|300|||||||\u00bb text_font_size=\u00bb36px\u00bb text_letter_spacing=\u00bb2px\u00bb text_line_height=\u00bb1.75em\u00bb custom_margin=\u00bb||10px||false|false\u00bb global_colors_info=\u00bb{}\u00bb]Recuerdos llenos de ternura y emoci\u00f3n para conservar siempre.[\/et_pb_text][et_pb_text _builder_version=\u00bb4.27.4&#8243; _module_preset=\u00bbdefault\u00bb text_font=\u00bb&#8211;et_global_body_font||||||||\u00bb text_letter_spacing=\u00bb2px\u00bb global_colors_info=\u00bb{}\u00bb]Los bautizos son d\u00edas cargados de significado y de momentos que pasan volando. Conmigo conseguir\u00e1s una fotograf\u00eda natural y cuidada, pensada para capturar la esencia de ese primer gran d\u00eda en la vida de tu hij@, rodeado de familia, sonrisas y cari\u00f1o.[\/et_pb_text][\/et_pb_column_inner][\/et_pb_row_inner][et_pb_row_inner _builder_version=\u00bb4.27.4&#8243; _module_preset=\u00bbdefault\u00bb positioning=\u00bbnone\u00bb position_origin_a=\u00bbbottom_center\u00bb width=\u00bb100%\u00bb custom_padding=\u00bb0px||||false|false\u00bb hover_enabled=\u00bb0&#8243; global_colors_info=\u00bb{}\u00bb sticky_enabled=\u00bb0&#8243;][et_pb_column_inner saved_specialty_column_type=\u00bb1_2&#8243; _builder_version=\u00bb4.27.4&#8243; _module_preset=\u00bbdefault\u00bb global_colors_info=\u00bb{}\u00bb][et_pb_divider _builder_version=\u00bb4.27.4&#8243; _module_preset=\u00bbdefault\u00bb width=\u00bb70%\u00bb custom_margin=\u00bb||0px||false|false\u00bb global_colors_info=\u00bb{}\u00bb][\/et_pb_divider][et_pb_text _builder_version=\u00bb4.27.4&#8243; _module_preset=\u00bbdefault\u00bb text_font=\u00bb&#8211;et_global_body_font|700|||||||\u00bb text_letter_spacing=\u00bb2px\u00bb text_line_height=\u00bb20px\u00bb custom_margin=\u00bb||15px||false|false\u00bb global_colors_info=\u00bb{}\u00bb]\u00bfBuscas un fot\u00f3grafo para el bautizo de tu hij@?[\/et_pb_text][et_pb_text _builder_version=\u00bb4.27.4&#8243; _module_preset=\u00bbdefault\u00bb hover_enabled=\u00bb0&#8243; sticky_enabled=\u00bb0&#8243; module_class=\u00bbpreciosdesde\u00bb custom_margin=\u00bb||1rem||false|false\u00bb locked=\u00bboff\u00bb]<\/p>\n<p>Iglesia: <strong>desde<\/strong> <span>220\u20ac<\/span><br \/>Acompa\u00f1amiento previo al bautizo en casa: <strong>desde<\/strong> <span>90\u20ac<\/span><\/p>\n<p>[\/et_pb_text][et_pb_button button_url=\u00bb@ET-DC@eyJkeW5hbWljIjp0cnVlLCJjb250ZW50IjoicG9zdF9saW5rX3VybF9wYWdlIiwic2V0dGluZ3MiOnsicG9zdF9pZCI6IjEwMDc3In19@\u00bb button_text=\u00bbContacta aqu\u00ed y cu\u00e9ntame tu idea\u00bb module_class=\u00bbparrafos\u00bb _builder_version=\u00bb4.27.4&#8243; _dynamic_attributes=\u00bbbutton_url\u00bb _module_preset=\u00bbdefault\u00bb custom_button=\u00bbon\u00bb button_bg_color=\u00bb#000000&#8243; button_font=\u00bb&#8211;et_global_body_font||||||||\u00bb button_icon=\u00bb&#xf061;||fa||900&#8243; background_layout=\u00bbdark\u00bb custom_padding=\u00bb0px||2px||false|false\u00bb global_colors_info=\u00bb{}\u00bb][\/et_pb_button][\/et_pb_column_inner][\/et_pb_row_inner][\/et_pb_column][et_pb_column type=\u00bb1_4&#8243; _builder_version=\u00bb4.16&#8243; custom_padding=\u00bb|||\u00bb global_colors_info=\u00bb{}\u00bb custom_padding__hover=\u00bb|||\u00bb][et_pb_image src=\u00bbhttps:\/\/alexguillenfotografo.com\/wp-content\/uploads\/sites\/3\/2025\/11\/bautizos09.jpg\u00bb alt=\u00bbImagen book chica\u00bb title_text=\u00bbbautizos09&#8243; _builder_version=\u00bb4.27.4&#8243; _module_preset=\u00bbdefault\u00bb custom_margin_tablet=\u00bb\u00bb custom_margin_phone=\u00bb||1rem||false|false\u00bb custom_margin_last_edited=\u00bbon|phone\u00bb global_colors_info=\u00bb{}\u00bb][\/et_pb_image][\/et_pb_column][et_pb_column type=\u00bb1_4&#8243; _builder_version=\u00bb4.16&#8243; custom_padding=\u00bb|||\u00bb global_colors_info=\u00bb{}\u00bb custom_padding__hover=\u00bb|||\u00bb][et_pb_image src=\u00bbhttps:\/\/alexguillenfotografo.com\/wp-content\/uploads\/sites\/3\/2025\/11\/bautizos11.jpg\u00bb alt=\u00bbImagen coorporativa\u00bb title_text=\u00bbbautizos11&#8243; _builder_version=\u00bb4.27.4&#8243; _module_preset=\u00bbdefault\u00bb custom_margin=\u00bb||20px||false|false\u00bb global_colors_info=\u00bb{}\u00bb][\/et_pb_image][et_pb_image src=\u00bbhttps:\/\/alexguillenfotografo.com\/wp-content\/uploads\/sites\/3\/2025\/11\/bautizos10.jpg\u00bb alt=\u00bbImagen book ni\u00f1os\u00bb title_text=\u00bbbautizos10&#8243; _builder_version=\u00bb4.27.4&#8243; _module_preset=\u00bbdefault\u00bb global_colors_info=\u00bb{}\u00bb][\/et_pb_image][\/et_pb_column][\/et_pb_section][et_pb_section fb_built=\u00bb1&#8243; module_class=\u00bbpropuestas-pers\u00bb _builder_version=\u00bb4.27.4&#8243; _module_preset=\u00bbdefault\u00bb background_image=\u00bbhttps:\/\/alexguillenfotografo.com\/wp-content\/uploads\/sites\/3\/2025\/11\/bautizos02.png\u00bb custom_padding=\u00bb||||false|false\u00bb global_colors_info=\u00bb{}\u00bb][et_pb_row use_custom_gutter=\u00bbon\u00bb _builder_version=\u00bb4.27.4&#8243; _module_preset=\u00bbdefault\u00bb background_color=\u00bbrgba(246,244,237,0.9)\u00bb width=\u00bb100%\u00bb max_width=\u00bb100%\u00bb global_colors_info=\u00bb{}\u00bb][et_pb_column type=\u00bb4_4&#8243; _builder_version=\u00bb4.27.4&#8243; _module_preset=\u00bbdefault\u00bb global_colors_info=\u00bb{}\u00bb][et_pb_text module_class=\u00bbsubt-web titulares_2&#8243; _builder_version=\u00bb4.27.4&#8243; _module_preset=\u00bbdefault\u00bb header_2_text_align=\u00bbcenter\u00bb header_2_font_size=\u00bb64px\u00bb header_2_line_height=\u00bb1.4em\u00bb global_colors_info=\u00bb{}\u00bb]<\/p>\n<h2>Una sesi\u00f3n tranquila y natural<\/h2>\n<p>[\/et_pb_text][et_pb_divider _builder_version=\u00bb4.27.4&#8243; _module_preset=\u00bbdefault\u00bb width=\u00bb500px\u00bb width_tablet=\u00bb500px\u00bb width_phone=\u00bb100%\u00bb width_last_edited=\u00bbon|phone\u00bb module_alignment=\u00bbcenter\u00bb locked=\u00bboff\u00bb global_colors_info=\u00bb{}\u00bb][\/et_pb_divider][et_pb_text _builder_version=\u00bb4.27.4&#8243; _module_preset=\u00bbdefault\u00bb text_font=\u00bb|300|||||||\u00bb text_font_size=\u00bb20px\u00bb text_line_height=\u00bb1.75em\u00bb text_orientation=\u00bbcenter\u00bb max_width=\u00bb862px\u00bb module_alignment=\u00bbcenter\u00bb global_colors_info=\u00bb{}\u00bb]Mi forma de trabajar busca la espontaneidad y la calma. Tanto si el reportaje se realiza durante la ceremonia como en una sesi\u00f3n aparte, creo un ambiente sereno donde todo fluye. Capturo los detalles m\u00e1s peque\u00f1os \u2014manos, gestos, miradas\u2014 con luz suave y un estilo elegante y atemporal.[\/et_pb_text][\/et_pb_column][\/et_pb_row][\/et_pb_section][et_pb_section fb_built=\u00bb1&#8243; module_class=\u00bbgaleria-pagina\u00bb _builder_version=\u00bb4.27.4&#8243; _module_preset=\u00bbdefault\u00bb custom_padding=\u00bb0px||0px||false|false\u00bb global_colors_info=\u00bb{}\u00bb][et_pb_row _builder_version=\u00bb4.27.4&#8243; _module_preset=\u00bbdefault\u00bb global_colors_info=\u00bb{}\u00bb][et_pb_column type=\u00bb4_4&#8243; _builder_version=\u00bb4.27.4&#8243; _module_preset=\u00bbdefault\u00bb global_colors_info=\u00bb{}\u00bb][divi_pro_gallery gallery_ids=\u00bb10938,10939,10940,10942,10941,10943,10945&#8243; image_size=\u00bbfull\u00bb columns=\u00bb3&#8243; hide_caption=\u00bbon\u00bb columns_tablet=\u00bb3&#8243; columns_phone=\u00bb1&#8243; columns_last_edited=\u00bboff|phone\u00bb _builder_version=\u00bb4.27.4&#8243; _module_preset=\u00bbdefault\u00bb global_colors_info=\u00bb{}\u00bb][\/divi_pro_gallery][\/et_pb_column][\/et_pb_row][\/et_pb_section][et_pb_section fb_built=\u00bb1&#8243; custom_padding_last_edited=\u00bbon|phone\u00bb _builder_version=\u00bb4.27.4&#8243; _module_preset=\u00bbdefault\u00bb custom_padding=\u00bb0px||0px||false|false\u00bb custom_padding_tablet=\u00bb100px||||false|false\u00bb custom_padding_phone=\u00bb0px||||false|false\u00bb global_colors_info=\u00bb{}\u00bb][et_pb_row _builder_version=\u00bb4.27.4&#8243; _module_preset=\u00bbdefault\u00bb global_colors_info=\u00bb{}\u00bb][et_pb_column type=\u00bb4_4&#8243; _builder_version=\u00bb4.27.4&#8243; _module_preset=\u00bbdefault\u00bb global_colors_info=\u00bb{}\u00bb][et_pb_code _builder_version=\u00bb4.27.4&#8243; _module_preset=\u00bbdefault\u00bb global_colors_info=\u00bb{}\u00bb]<pre class=\"ti-widget\"><template id=\"trustindex-google-widget-html\"><div class=\" ti-widget  ti-goog ti-review-text-mode-readmore ti-text-align-left\" data-no-translation=\"true\" data-time-locale=\"hace %d %s|hoy|d\u00eda|d\u00edas|semana|semanas|mes|meses|a\u00f1o|a\u00f1os\" data-plugin-version=\"13.2.8\" data-layout-id=\"5\" data-layout-category=\"slider\" data-set-id=\"drop-shadow\" data-pid=\"\" data-language=\"es\" data-close-locale=\"Cerca\" data-review-target-width=\"275\" data-css-version=\"2\" data-reply-by-locale=\"Respuesta del propietario\" data-only-rating-locale=\"Esta usuario solo dej\u00f3 una calificaci\u00f3n.\" data-pager-autoplay-timeout=\"6\"> <div class=\"ti-widget-container ti-col-4\"> <div class=\"ti-footer ti-footer-grid source-Google\"> <div class=\"ti-fade-container\"> <div class=\"ti-rating-text\"> <strong class=\"ti-rating ti-rating-large\"> EXCELENTE <\/strong> <\/div> <span class=\"ti-stars star-lg\"><trustindex-image class=\"ti-star\" data-imgurl=\"https:\/\/cdn.trustindex.io\/assets\/platform\/Google\/star\/f.svg\" alt=\"Google\" width=\"17\" height=\"17\" loading=\"lazy\"><\/trustindex-image><trustindex-image class=\"ti-star\" data-imgurl=\"https:\/\/cdn.trustindex.io\/assets\/platform\/Google\/star\/f.svg\" alt=\"Google\" width=\"17\" height=\"17\" loading=\"lazy\"><\/trustindex-image><trustindex-image class=\"ti-star\" data-imgurl=\"https:\/\/cdn.trustindex.io\/assets\/platform\/Google\/star\/f.svg\" alt=\"Google\" width=\"17\" height=\"17\" loading=\"lazy\"><\/trustindex-image><trustindex-image class=\"ti-star\" data-imgurl=\"https:\/\/cdn.trustindex.io\/assets\/platform\/Google\/star\/f.svg\" alt=\"Google\" width=\"17\" height=\"17\" loading=\"lazy\"><\/trustindex-image><trustindex-image class=\"ti-star\" data-imgurl=\"https:\/\/cdn.trustindex.io\/assets\/platform\/Google\/star\/f.svg\" alt=\"Google\" width=\"17\" height=\"17\" loading=\"lazy\"><\/trustindex-image><\/span> <div class=\"ti-rating-text\"> <span class=\"nowrap\">A base de <strong>285 rese\u00f1as<\/strong><\/span> <\/div> <div class=\"ti-large-logo\"> <div class=\"ti-v-center\"> <trustindex-image class=\"ti-logo-fb\" data-imgurl=\"https:\/\/cdn.trustindex.io\/assets\/platform\/Google\/logo.svg\" width=\"150\" height=\"25\" loading=\"lazy\" alt=\"Google\"><\/trustindex-image> <\/div> <\/div> <\/div> <\/div> <div class=\"ti-reviews-container\"> <div class=\"ti-controls\"> <div class=\"ti-next\" aria-label=\"Siguiente rese\u00f1a\" role=\"button\" tabindex=\"0\"><\/div> <div class=\"ti-prev\" aria-label=\"Rese\u00f1a anterior\" role=\"button\" tabindex=\"0\"><\/div> <\/div> <div class=\"ti-reviews-container-wrapper\">  <div data-empty=\"0\" data-time=\"1762992000\" class=\"ti-review-item source-Google ti-image-layout-thumbnail\" data-id=\"cfcd208495d565ef66e7dff9f98764da\"> <div class=\"ti-inner\"> <div class=\"ti-review-header\"> <div class=\"ti-platform-icon ti-with-tooltip\"> <span class=\"ti-tooltip\">Publicado en <\/span> <trustindex-image data-imgurl=\"https:\/\/cdn.trustindex.io\/assets\/platform\/Google\/icon.svg\" alt=\"\" width=\"20\" height=\"20\" loading=\"lazy\"><\/trustindex-image> <\/div> <div class=\"ti-profile-img\"> <trustindex-image data-imgurl=\"https:\/\/lh3.googleusercontent.com\/a\/ACg8ocI1wx4Jxr-zR9rw5zUg1ZLOnu59zH-tFQwonThZHPcIXRTUag=w40-h40-c-rp-mo-br100\" alt=\"Fernanda Contreras profile picture\" loading=\"lazy\"><\/trustindex-image> <\/div> <div class=\"ti-profile-details\"> <div class=\"ti-name\"> Fernanda Contreras <\/div> <div class=\"ti-date\"><\/div> <\/div> <\/div> <span class=\"ti-stars\"><trustindex-image class=\"ti-star\" data-imgurl=\"https:\/\/cdn.trustindex.io\/assets\/platform\/Google\/star\/f.svg\" alt=\"Google\" width=\"17\" height=\"17\" loading=\"lazy\"><\/trustindex-image><trustindex-image class=\"ti-star\" data-imgurl=\"https:\/\/cdn.trustindex.io\/assets\/platform\/Google\/star\/f.svg\" alt=\"Google\" width=\"17\" height=\"17\" loading=\"lazy\"><\/trustindex-image><trustindex-image class=\"ti-star\" data-imgurl=\"https:\/\/cdn.trustindex.io\/assets\/platform\/Google\/star\/f.svg\" alt=\"Google\" width=\"17\" height=\"17\" loading=\"lazy\"><\/trustindex-image><trustindex-image class=\"ti-star\" data-imgurl=\"https:\/\/cdn.trustindex.io\/assets\/platform\/Google\/star\/f.svg\" alt=\"Google\" width=\"17\" height=\"17\" loading=\"lazy\"><\/trustindex-image><trustindex-image class=\"ti-star\" data-imgurl=\"https:\/\/cdn.trustindex.io\/assets\/platform\/Google\/star\/f.svg\" alt=\"Google\" width=\"17\" height=\"17\" loading=\"lazy\"><\/trustindex-image><span class=\"ti-verified-review ti-verified-platform\"><span class=\"ti-verified-tooltip\">Trustindex verifica que la fuente original de la rese\u00f1a sea Google.<\/span><\/span><\/span> <div class=\"ti-review-text-container ti-review-content\"><!-- R-CONTENT -->Alex es maravilloso,nos hizo las fotos de embarazo e hizo del momento algo muy especial y divertido. Los resultados fueron espectaculares, retrato perfectamente el momento y el amor.\nSin duda ser\u00e1 mi fot\u00f3grafo referencia para cada momento.<!-- R-CONTENT --><\/div> <span class=\"ti-read-more\" data-container=\".ti-review-content\" data-collapse-text=\"Ocultar\" data-open-text=\"Leer m\u00e1s\"><\/span> <\/div> <\/div>  <div data-empty=\"0\" data-time=\"1762819200\" class=\"ti-review-item source-Google ti-image-layout-thumbnail\" data-id=\"cfcd208495d565ef66e7dff9f98764da\"> <div class=\"ti-inner\"> <div class=\"ti-review-header\"> <div class=\"ti-platform-icon ti-with-tooltip\"> <span class=\"ti-tooltip\">Publicado en <\/span> <trustindex-image data-imgurl=\"https:\/\/cdn.trustindex.io\/assets\/platform\/Google\/icon.svg\" alt=\"\" width=\"20\" height=\"20\" loading=\"lazy\"><\/trustindex-image> <\/div> <div class=\"ti-profile-img\"> <trustindex-image data-imgurl=\"https:\/\/lh3.googleusercontent.com\/a-\/ALV-UjUSf2Yl2MHcMSgWx4OpW2Ls6NuPye6dxS7H1qCzW5kNpWntOCji-A=w40-h40-c-rp-mo-ba2-br100\" alt=\"Naty Caycedo profile picture\" loading=\"lazy\"><\/trustindex-image> <\/div> <div class=\"ti-profile-details\"> <div class=\"ti-name\"> Naty Caycedo <\/div> <div class=\"ti-date\"><\/div> <\/div> <\/div> <span class=\"ti-stars\"><trustindex-image class=\"ti-star\" data-imgurl=\"https:\/\/cdn.trustindex.io\/assets\/platform\/Google\/star\/f.svg\" alt=\"Google\" width=\"17\" height=\"17\" loading=\"lazy\"><\/trustindex-image><trustindex-image class=\"ti-star\" data-imgurl=\"https:\/\/cdn.trustindex.io\/assets\/platform\/Google\/star\/f.svg\" alt=\"Google\" width=\"17\" height=\"17\" loading=\"lazy\"><\/trustindex-image><trustindex-image class=\"ti-star\" data-imgurl=\"https:\/\/cdn.trustindex.io\/assets\/platform\/Google\/star\/f.svg\" alt=\"Google\" width=\"17\" height=\"17\" loading=\"lazy\"><\/trustindex-image><trustindex-image class=\"ti-star\" data-imgurl=\"https:\/\/cdn.trustindex.io\/assets\/platform\/Google\/star\/f.svg\" alt=\"Google\" width=\"17\" height=\"17\" loading=\"lazy\"><\/trustindex-image><trustindex-image class=\"ti-star\" data-imgurl=\"https:\/\/cdn.trustindex.io\/assets\/platform\/Google\/star\/f.svg\" alt=\"Google\" width=\"17\" height=\"17\" loading=\"lazy\"><\/trustindex-image><span class=\"ti-verified-review ti-verified-platform\"><span class=\"ti-verified-tooltip\">Trustindex verifica que la fuente original de la rese\u00f1a sea Google.<\/span><\/span><\/span> <div class=\"ti-review-text-container ti-review-content\"><!-- R-CONTENT -->Feliz de haber contactado a Alex, su mirada ha generado mucho valor a nuestro evento y ha inmortalizado una gran experiencia buscaremos trabajar con \u00e9l en una pr\u00f3xima ocasi\u00f3n, un gran profesional<!-- R-CONTENT --><\/div> <span class=\"ti-read-more\" data-container=\".ti-review-content\" data-collapse-text=\"Ocultar\" data-open-text=\"Leer m\u00e1s\"><\/span> <\/div> <\/div>  <div data-empty=\"0\" data-time=\"1762732800\" class=\"ti-review-item source-Google ti-image-layout-thumbnail\" data-id=\"cfcd208495d565ef66e7dff9f98764da\"> <div class=\"ti-inner\"> <div class=\"ti-review-header\"> <div class=\"ti-platform-icon ti-with-tooltip\"> <span class=\"ti-tooltip\">Publicado en <\/span> <trustindex-image data-imgurl=\"https:\/\/cdn.trustindex.io\/assets\/platform\/Google\/icon.svg\" alt=\"\" width=\"20\" height=\"20\" loading=\"lazy\"><\/trustindex-image> <\/div> <div class=\"ti-profile-img\"> <trustindex-image data-imgurl=\"https:\/\/lh3.googleusercontent.com\/a\/ACg8ocKMf2ZH-jj6y8Y4TitTkCdgISEotbMYVj1h4QUIDhxHJbe7EA=w40-h40-c-rp-mo-br100\" alt=\"Sebastian Gessaga profile picture\" loading=\"lazy\"><\/trustindex-image> <\/div> <div class=\"ti-profile-details\"> <div class=\"ti-name\"> Sebastian Gessaga <\/div> <div class=\"ti-date\"><\/div> <\/div> <\/div> <span class=\"ti-stars\"><trustindex-image class=\"ti-star\" data-imgurl=\"https:\/\/cdn.trustindex.io\/assets\/platform\/Google\/star\/f.svg\" alt=\"Google\" width=\"17\" height=\"17\" loading=\"lazy\"><\/trustindex-image><trustindex-image class=\"ti-star\" data-imgurl=\"https:\/\/cdn.trustindex.io\/assets\/platform\/Google\/star\/f.svg\" alt=\"Google\" width=\"17\" height=\"17\" loading=\"lazy\"><\/trustindex-image><trustindex-image class=\"ti-star\" data-imgurl=\"https:\/\/cdn.trustindex.io\/assets\/platform\/Google\/star\/f.svg\" alt=\"Google\" width=\"17\" height=\"17\" loading=\"lazy\"><\/trustindex-image><trustindex-image class=\"ti-star\" data-imgurl=\"https:\/\/cdn.trustindex.io\/assets\/platform\/Google\/star\/f.svg\" alt=\"Google\" width=\"17\" height=\"17\" loading=\"lazy\"><\/trustindex-image><trustindex-image class=\"ti-star\" data-imgurl=\"https:\/\/cdn.trustindex.io\/assets\/platform\/Google\/star\/f.svg\" alt=\"Google\" width=\"17\" height=\"17\" loading=\"lazy\"><\/trustindex-image><span class=\"ti-verified-review ti-verified-platform\"><span class=\"ti-verified-tooltip\">Trustindex verifica que la fuente original de la rese\u00f1a sea Google.<\/span><\/span><\/span> <div class=\"ti-review-text-container ti-review-content\"><!-- R-CONTENT -->La verdad que Alex fue muy profesional, las fotos quedaron incre\u00edbles, y nos queda un recuerdo hermoso! Te felicito y te agradezco por el tiempo la dedicaci\u00f3n y la profesionalidad en todo momento! Recomendable 100%, gracias!!<!-- R-CONTENT --><\/div> <span class=\"ti-read-more\" data-container=\".ti-review-content\" data-collapse-text=\"Ocultar\" data-open-text=\"Leer m\u00e1s\"><\/span> <\/div> <\/div>  <div data-empty=\"0\" data-time=\"1762732800\" class=\"ti-review-item source-Google ti-image-layout-thumbnail\" data-id=\"cfcd208495d565ef66e7dff9f98764da\"> <div class=\"ti-inner\"> <div class=\"ti-review-header\"> <div class=\"ti-platform-icon ti-with-tooltip\"> <span class=\"ti-tooltip\">Publicado en <\/span> <trustindex-image data-imgurl=\"https:\/\/cdn.trustindex.io\/assets\/platform\/Google\/icon.svg\" alt=\"\" width=\"20\" height=\"20\" loading=\"lazy\"><\/trustindex-image> <\/div> <div class=\"ti-profile-img\"> <trustindex-image data-imgurl=\"https:\/\/lh3.googleusercontent.com\/a-\/ALV-UjUP6jfQ8cIalLZ54BAkTPnyYCAJGzkNYilEwgAMMIz2ZDEVqJc=w40-h40-c-rp-mo-br100\" alt=\"Miriam Becerra profile picture\" loading=\"lazy\"><\/trustindex-image> <\/div> <div class=\"ti-profile-details\"> <div class=\"ti-name\"> Miriam Becerra <\/div> <div class=\"ti-date\"><\/div> <\/div> <\/div> <span class=\"ti-stars\"><trustindex-image class=\"ti-star\" data-imgurl=\"https:\/\/cdn.trustindex.io\/assets\/platform\/Google\/star\/f.svg\" alt=\"Google\" width=\"17\" height=\"17\" loading=\"lazy\"><\/trustindex-image><trustindex-image class=\"ti-star\" data-imgurl=\"https:\/\/cdn.trustindex.io\/assets\/platform\/Google\/star\/f.svg\" alt=\"Google\" width=\"17\" height=\"17\" loading=\"lazy\"><\/trustindex-image><trustindex-image class=\"ti-star\" data-imgurl=\"https:\/\/cdn.trustindex.io\/assets\/platform\/Google\/star\/f.svg\" alt=\"Google\" width=\"17\" height=\"17\" loading=\"lazy\"><\/trustindex-image><trustindex-image class=\"ti-star\" data-imgurl=\"https:\/\/cdn.trustindex.io\/assets\/platform\/Google\/star\/f.svg\" alt=\"Google\" width=\"17\" height=\"17\" loading=\"lazy\"><\/trustindex-image><trustindex-image class=\"ti-star\" data-imgurl=\"https:\/\/cdn.trustindex.io\/assets\/platform\/Google\/star\/f.svg\" alt=\"Google\" width=\"17\" height=\"17\" loading=\"lazy\"><\/trustindex-image><span class=\"ti-verified-review ti-verified-platform\"><span class=\"ti-verified-tooltip\">Trustindex verifica que la fuente original de la rese\u00f1a sea Google.<\/span><\/span><\/span> <div class=\"ti-review-text-container ti-review-content\"><!-- R-CONTENT -->La primera ve que habl\u00e9 con Alex me di cuenta de su profesionalidad, como se tom\u00f3 su tiempo para explicarme todo. Cuando empiezas a trabajar con \u00e9l te das cuenta de lo detallista que es, como cuida todo su trabajo y a sus clientes, es un gran profesional. Tanto \u00e9l como su compa\u00f1ero, Ra\u00fal son maravillosas personas y te hacen sentir en familia. Un trabajo de 10 y un trato de 10. Sin duda nos volveremos a ver. Muchas gracias por todo Alex, eternamente agradecida.<!-- R-CONTENT --><\/div> <span class=\"ti-read-more\" data-container=\".ti-review-content\" data-collapse-text=\"Ocultar\" data-open-text=\"Leer m\u00e1s\"><\/span> <\/div> <\/div>  <div data-empty=\"0\" data-time=\"1762560000\" class=\"ti-review-item source-Google ti-image-layout-thumbnail\" data-id=\"cfcd208495d565ef66e7dff9f98764da\"> <div class=\"ti-inner\"> <div class=\"ti-review-header\"> <div class=\"ti-platform-icon ti-with-tooltip\"> <span class=\"ti-tooltip\">Publicado en <\/span> <trustindex-image data-imgurl=\"https:\/\/cdn.trustindex.io\/assets\/platform\/Google\/icon.svg\" alt=\"\" width=\"20\" height=\"20\" loading=\"lazy\"><\/trustindex-image> <\/div> <div class=\"ti-profile-img\"> <trustindex-image data-imgurl=\"https:\/\/lh3.googleusercontent.com\/a\/ACg8ocL2pFqKHzFoxhNkBzpi1kMTbyu64XvTm0DsHPZG-ZnRnh8Tgw=w40-h40-c-rp-mo-br100\" alt=\"Adri\u00e1n Moya Montes profile picture\" loading=\"lazy\"><\/trustindex-image> <\/div> <div class=\"ti-profile-details\"> <div class=\"ti-name\"> Adri\u00e1n Moya Montes <\/div> <div class=\"ti-date\"><\/div> <\/div> <\/div> <span class=\"ti-stars\"><trustindex-image class=\"ti-star\" data-imgurl=\"https:\/\/cdn.trustindex.io\/assets\/platform\/Google\/star\/f.svg\" alt=\"Google\" width=\"17\" height=\"17\" loading=\"lazy\"><\/trustindex-image><trustindex-image class=\"ti-star\" data-imgurl=\"https:\/\/cdn.trustindex.io\/assets\/platform\/Google\/star\/f.svg\" alt=\"Google\" width=\"17\" height=\"17\" loading=\"lazy\"><\/trustindex-image><trustindex-image class=\"ti-star\" data-imgurl=\"https:\/\/cdn.trustindex.io\/assets\/platform\/Google\/star\/f.svg\" alt=\"Google\" width=\"17\" height=\"17\" loading=\"lazy\"><\/trustindex-image><trustindex-image class=\"ti-star\" data-imgurl=\"https:\/\/cdn.trustindex.io\/assets\/platform\/Google\/star\/f.svg\" alt=\"Google\" width=\"17\" height=\"17\" loading=\"lazy\"><\/trustindex-image><trustindex-image class=\"ti-star\" data-imgurl=\"https:\/\/cdn.trustindex.io\/assets\/platform\/Google\/star\/f.svg\" alt=\"Google\" width=\"17\" height=\"17\" loading=\"lazy\"><\/trustindex-image><span class=\"ti-verified-review ti-verified-platform\"><span class=\"ti-verified-tooltip\">Trustindex verifica que la fuente original de la rese\u00f1a sea Google.<\/span><\/span><\/span> <div class=\"ti-review-text-container ti-review-content\"><!-- R-CONTENT -->Despu\u00e9s de tomar la decisi\u00f3n de casarte debes tomar la decisi\u00f3n de elegir a la persona que se va a encargar de capturar momentos para siempre. Alex Guillen no es solo un fot\u00f3grafo, sino un profesional con la capacidad de inmortalizar momentos para entreg\u00e1rtelos y que los recuerdes para siempre. Recomendable al 100% nos ha dado un servicio muy bueno.<!-- R-CONTENT --><\/div> <span class=\"ti-read-more\" data-container=\".ti-review-content\" data-collapse-text=\"Ocultar\" data-open-text=\"Leer m\u00e1s\"><\/span> <\/div> <\/div>  <div data-empty=\"0\" data-time=\"1762473600\" class=\"ti-review-item source-Google ti-image-layout-thumbnail\" data-id=\"cfcd208495d565ef66e7dff9f98764da\"> <div class=\"ti-inner\"> <div class=\"ti-review-header\"> <div class=\"ti-platform-icon ti-with-tooltip\"> <span class=\"ti-tooltip\">Publicado en <\/span> <trustindex-image data-imgurl=\"https:\/\/cdn.trustindex.io\/assets\/platform\/Google\/icon.svg\" alt=\"\" width=\"20\" height=\"20\" loading=\"lazy\"><\/trustindex-image> <\/div> <div class=\"ti-profile-img\"> <trustindex-image data-imgurl=\"https:\/\/lh3.googleusercontent.com\/a\/ACg8ocItfjYoAnjmD2zg9kwm80zGJwSXGxWSDRUy50yZCrJhMnzsSw=w40-h40-c-rp-mo-br100\" alt=\"Yaiza profile picture\" loading=\"lazy\"><\/trustindex-image> <\/div> <div class=\"ti-profile-details\"> <div class=\"ti-name\"> Yaiza <\/div> <div class=\"ti-date\"><\/div> <\/div> <\/div> <span class=\"ti-stars\"><trustindex-image class=\"ti-star\" data-imgurl=\"https:\/\/cdn.trustindex.io\/assets\/platform\/Google\/star\/f.svg\" alt=\"Google\" width=\"17\" height=\"17\" loading=\"lazy\"><\/trustindex-image><trustindex-image class=\"ti-star\" data-imgurl=\"https:\/\/cdn.trustindex.io\/assets\/platform\/Google\/star\/f.svg\" alt=\"Google\" width=\"17\" height=\"17\" loading=\"lazy\"><\/trustindex-image><trustindex-image class=\"ti-star\" data-imgurl=\"https:\/\/cdn.trustindex.io\/assets\/platform\/Google\/star\/f.svg\" alt=\"Google\" width=\"17\" height=\"17\" loading=\"lazy\"><\/trustindex-image><trustindex-image class=\"ti-star\" data-imgurl=\"https:\/\/cdn.trustindex.io\/assets\/platform\/Google\/star\/f.svg\" alt=\"Google\" width=\"17\" height=\"17\" loading=\"lazy\"><\/trustindex-image><trustindex-image class=\"ti-star\" data-imgurl=\"https:\/\/cdn.trustindex.io\/assets\/platform\/Google\/star\/f.svg\" alt=\"Google\" width=\"17\" height=\"17\" loading=\"lazy\"><\/trustindex-image><span class=\"ti-verified-review ti-verified-platform\"><span class=\"ti-verified-tooltip\">Trustindex verifica que la fuente original de la rese\u00f1a sea Google.<\/span><\/span><\/span> <div class=\"ti-review-text-container ti-review-content\"><!-- R-CONTENT -->Estamos encantados con el trabajo de \u00c1lex en el d\u00eda de nuestra boda. Desde el primer momento mostr\u00f3 una gran profesionalidad, cercan\u00eda y una sensibilidad especial para captar cada detalle y emoci\u00f3n. Las fotos son simplemente espectaculares: naturales, llenas de luz. Supo hacernos sentir c\u00f3modos en todo momento, logrando im\u00e1genes espont\u00e1neas que reflejan perfectamente ese d\u00eda tan especial. Sin duda, volver\u00edamos a elegirlo una y mil veces. \u00a1Gracias por inmortalizar nuestros recuerdos de una forma tan bonita!<!-- R-CONTENT --><\/div> <span class=\"ti-read-more\" data-container=\".ti-review-content\" data-collapse-text=\"Ocultar\" data-open-text=\"Leer m\u00e1s\"><\/span> <\/div> <\/div>  <div data-empty=\"0\" data-time=\"1762473600\" class=\"ti-review-item source-Google ti-image-layout-thumbnail\" data-id=\"cfcd208495d565ef66e7dff9f98764da\"> <div class=\"ti-inner\"> <div class=\"ti-review-header\"> <div class=\"ti-platform-icon ti-with-tooltip\"> <span class=\"ti-tooltip\">Publicado en <\/span> <trustindex-image data-imgurl=\"https:\/\/cdn.trustindex.io\/assets\/platform\/Google\/icon.svg\" alt=\"\" width=\"20\" height=\"20\" loading=\"lazy\"><\/trustindex-image> <\/div> <div class=\"ti-profile-img\"> <trustindex-image data-imgurl=\"https:\/\/lh3.googleusercontent.com\/a\/ACg8ocIW_8GVQN2hjLpTjcBLK_-z1FJEYE63lcnYFzJ8juwMrHfugDC3=w40-h40-c-rp-mo-br100\" alt=\"Juan Fernandez profile picture\" loading=\"lazy\"><\/trustindex-image> <\/div> <div class=\"ti-profile-details\"> <div class=\"ti-name\"> Juan Fernandez <\/div> <div class=\"ti-date\"><\/div> <\/div> <\/div> <span class=\"ti-stars\"><trustindex-image class=\"ti-star\" data-imgurl=\"https:\/\/cdn.trustindex.io\/assets\/platform\/Google\/star\/f.svg\" alt=\"Google\" width=\"17\" height=\"17\" loading=\"lazy\"><\/trustindex-image><trustindex-image class=\"ti-star\" data-imgurl=\"https:\/\/cdn.trustindex.io\/assets\/platform\/Google\/star\/f.svg\" alt=\"Google\" width=\"17\" height=\"17\" loading=\"lazy\"><\/trustindex-image><trustindex-image class=\"ti-star\" data-imgurl=\"https:\/\/cdn.trustindex.io\/assets\/platform\/Google\/star\/f.svg\" alt=\"Google\" width=\"17\" height=\"17\" loading=\"lazy\"><\/trustindex-image><trustindex-image class=\"ti-star\" data-imgurl=\"https:\/\/cdn.trustindex.io\/assets\/platform\/Google\/star\/f.svg\" alt=\"Google\" width=\"17\" height=\"17\" loading=\"lazy\"><\/trustindex-image><trustindex-image class=\"ti-star\" data-imgurl=\"https:\/\/cdn.trustindex.io\/assets\/platform\/Google\/star\/f.svg\" alt=\"Google\" width=\"17\" height=\"17\" loading=\"lazy\"><\/trustindex-image><span class=\"ti-verified-review ti-verified-platform\"><span class=\"ti-verified-tooltip\">Trustindex verifica que la fuente original de la rese\u00f1a sea Google.<\/span><\/span><\/span> <div class=\"ti-review-text-container ti-review-content\"><!-- R-CONTENT -->Profesional. Atento. Cumple plazos. Calidad. No se le puede sacar una falta.<!-- R-CONTENT --><\/div> <span class=\"ti-read-more\" data-container=\".ti-review-content\" data-collapse-text=\"Ocultar\" data-open-text=\"Leer m\u00e1s\"><\/span> <\/div> <\/div>  <div data-empty=\"0\" data-time=\"1761523200\" class=\"ti-review-item source-Google ti-image-layout-thumbnail\" data-id=\"cfcd208495d565ef66e7dff9f98764da\"> <div class=\"ti-inner\"> <div class=\"ti-review-header\"> <div class=\"ti-platform-icon ti-with-tooltip\"> <span class=\"ti-tooltip\">Publicado en <\/span> <trustindex-image data-imgurl=\"https:\/\/cdn.trustindex.io\/assets\/platform\/Google\/icon.svg\" alt=\"\" width=\"20\" height=\"20\" loading=\"lazy\"><\/trustindex-image> <\/div> <div class=\"ti-profile-img\"> <trustindex-image data-imgurl=\"https:\/\/lh3.googleusercontent.com\/a-\/ALV-UjW-tEsmdV6YOKrjeZoXJF8-W9_mBv-sZAmMf72K_qhoY5ljfszb5A=w40-h40-c-rp-mo-br100\" alt=\"Mar\u00eda Perales profile picture\" loading=\"lazy\"><\/trustindex-image> <\/div> <div class=\"ti-profile-details\"> <div class=\"ti-name\"> Mar\u00eda Perales <\/div> <div class=\"ti-date\"><\/div> <\/div> <\/div> <span class=\"ti-stars\"><trustindex-image class=\"ti-star\" data-imgurl=\"https:\/\/cdn.trustindex.io\/assets\/platform\/Google\/star\/f.svg\" alt=\"Google\" width=\"17\" height=\"17\" loading=\"lazy\"><\/trustindex-image><trustindex-image class=\"ti-star\" data-imgurl=\"https:\/\/cdn.trustindex.io\/assets\/platform\/Google\/star\/f.svg\" alt=\"Google\" width=\"17\" height=\"17\" loading=\"lazy\"><\/trustindex-image><trustindex-image class=\"ti-star\" data-imgurl=\"https:\/\/cdn.trustindex.io\/assets\/platform\/Google\/star\/f.svg\" alt=\"Google\" width=\"17\" height=\"17\" loading=\"lazy\"><\/trustindex-image><trustindex-image class=\"ti-star\" data-imgurl=\"https:\/\/cdn.trustindex.io\/assets\/platform\/Google\/star\/f.svg\" alt=\"Google\" width=\"17\" height=\"17\" loading=\"lazy\"><\/trustindex-image><trustindex-image class=\"ti-star\" data-imgurl=\"https:\/\/cdn.trustindex.io\/assets\/platform\/Google\/star\/f.svg\" alt=\"Google\" width=\"17\" height=\"17\" loading=\"lazy\"><\/trustindex-image><span class=\"ti-verified-review ti-verified-platform\"><span class=\"ti-verified-tooltip\">Trustindex verifica que la fuente original de la rese\u00f1a sea Google.<\/span><\/span><\/span> <div class=\"ti-review-text-container ti-review-content\"><!-- R-CONTENT -->Ha sido un placer contar con Alex para inmortalizar nuestra boda, es todo un profesional y gracias a \u00e9l siempre recordaremos el d\u00eda m\u00e1s feliz de nuestras vidas. \ud83d\ude4f\ud83c\udffd<!-- R-CONTENT --><\/div> <span class=\"ti-read-more\" data-container=\".ti-review-content\" data-collapse-text=\"Ocultar\" data-open-text=\"Leer m\u00e1s\"><\/span> <\/div> <\/div>  <div data-empty=\"0\" data-time=\"1761350400\" class=\"ti-review-item source-Google ti-image-layout-thumbnail\" data-id=\"cfcd208495d565ef66e7dff9f98764da\"> <div class=\"ti-inner\"> <div class=\"ti-review-header\"> <div class=\"ti-platform-icon ti-with-tooltip\"> <span class=\"ti-tooltip\">Publicado en <\/span> <trustindex-image data-imgurl=\"https:\/\/cdn.trustindex.io\/assets\/platform\/Google\/icon.svg\" alt=\"\" width=\"20\" height=\"20\" loading=\"lazy\"><\/trustindex-image> <\/div> <div class=\"ti-profile-img\"> <trustindex-image data-imgurl=\"https:\/\/lh3.googleusercontent.com\/a-\/ALV-UjW6XEHqpntsTCm8jaeWPViHvBytGcEKJDv9ksw5BRtwSo5zF5jwOw=w40-h40-c-rp-mo-br100\" alt=\"Alicia Alan\u00eds Flores profile picture\" loading=\"lazy\"><\/trustindex-image> <\/div> <div class=\"ti-profile-details\"> <div class=\"ti-name\"> Alicia Alan\u00eds Flores <\/div> <div class=\"ti-date\"><\/div> <\/div> <\/div> <span class=\"ti-stars\"><trustindex-image class=\"ti-star\" data-imgurl=\"https:\/\/cdn.trustindex.io\/assets\/platform\/Google\/star\/f.svg\" alt=\"Google\" width=\"17\" height=\"17\" loading=\"lazy\"><\/trustindex-image><trustindex-image class=\"ti-star\" data-imgurl=\"https:\/\/cdn.trustindex.io\/assets\/platform\/Google\/star\/f.svg\" alt=\"Google\" width=\"17\" height=\"17\" loading=\"lazy\"><\/trustindex-image><trustindex-image class=\"ti-star\" data-imgurl=\"https:\/\/cdn.trustindex.io\/assets\/platform\/Google\/star\/f.svg\" alt=\"Google\" width=\"17\" height=\"17\" loading=\"lazy\"><\/trustindex-image><trustindex-image class=\"ti-star\" data-imgurl=\"https:\/\/cdn.trustindex.io\/assets\/platform\/Google\/star\/f.svg\" alt=\"Google\" width=\"17\" height=\"17\" loading=\"lazy\"><\/trustindex-image><trustindex-image class=\"ti-star\" data-imgurl=\"https:\/\/cdn.trustindex.io\/assets\/platform\/Google\/star\/f.svg\" alt=\"Google\" width=\"17\" height=\"17\" loading=\"lazy\"><\/trustindex-image><span class=\"ti-verified-review ti-verified-platform\"><span class=\"ti-verified-tooltip\">Trustindex verifica que la fuente original de la rese\u00f1a sea Google.<\/span><\/span><\/span> <div class=\"ti-review-text-container ti-review-content\"><!-- R-CONTENT -->Nos casamos el 05 de Septiembre, desde el minuto uno que tuvimos la primera cita con \u00c1lex nos trasmiti\u00f3 tal cercan\u00eda que sab\u00edamos que ten\u00eda que ser \u00e9l, y cuando nos entreg\u00f3 el trabajo final, vimos que hab\u00edamos tomado la mejor decisi\u00f3n.\nSu trabajo fue maravilloso,nos encant\u00f3,y el d\u00eda de la boda con \u00e9l nos lo puso todo super sencillo y muy f\u00e1cil en un d\u00eda que los nervios est\u00e1n a flor de piel.\nTe recomendaremos siempre \u2665\ufe0f\nAlicia &amp; Fran<!-- R-CONTENT --><\/div> <span class=\"ti-read-more\" data-container=\".ti-review-content\" data-collapse-text=\"Ocultar\" data-open-text=\"Leer m\u00e1s\"><\/span> <\/div> <\/div>  <div data-empty=\"0\" data-time=\"1761264000\" class=\"ti-review-item source-Google ti-image-layout-thumbnail\" data-id=\"cfcd208495d565ef66e7dff9f98764da\"> <div class=\"ti-inner\"> <div class=\"ti-review-header\"> <div class=\"ti-platform-icon ti-with-tooltip\"> <span class=\"ti-tooltip\">Publicado en <\/span> <trustindex-image data-imgurl=\"https:\/\/cdn.trustindex.io\/assets\/platform\/Google\/icon.svg\" alt=\"\" width=\"20\" height=\"20\" loading=\"lazy\"><\/trustindex-image> <\/div> <div class=\"ti-profile-img\"> <trustindex-image data-imgurl=\"https:\/\/lh3.googleusercontent.com\/a-\/ALV-UjWFVFuPXIrU5ABiHIR1sQm_LJdLIqzp7WEBAQH4-EdHhyY92N15=w40-h40-c-rp-mo-br100\" alt=\"Melissa Folt\u00e1nov\u00e1 profile picture\" loading=\"lazy\"><\/trustindex-image> <\/div> <div class=\"ti-profile-details\"> <div class=\"ti-name\"> Melissa Folt\u00e1nov\u00e1 <\/div> <div class=\"ti-date\"><\/div> <\/div> <\/div> <span class=\"ti-stars\"><trustindex-image class=\"ti-star\" data-imgurl=\"https:\/\/cdn.trustindex.io\/assets\/platform\/Google\/star\/f.svg\" alt=\"Google\" width=\"17\" height=\"17\" loading=\"lazy\"><\/trustindex-image><trustindex-image class=\"ti-star\" data-imgurl=\"https:\/\/cdn.trustindex.io\/assets\/platform\/Google\/star\/f.svg\" alt=\"Google\" width=\"17\" height=\"17\" loading=\"lazy\"><\/trustindex-image><trustindex-image class=\"ti-star\" data-imgurl=\"https:\/\/cdn.trustindex.io\/assets\/platform\/Google\/star\/f.svg\" alt=\"Google\" width=\"17\" height=\"17\" loading=\"lazy\"><\/trustindex-image><trustindex-image class=\"ti-star\" data-imgurl=\"https:\/\/cdn.trustindex.io\/assets\/platform\/Google\/star\/f.svg\" alt=\"Google\" width=\"17\" height=\"17\" loading=\"lazy\"><\/trustindex-image><trustindex-image class=\"ti-star\" data-imgurl=\"https:\/\/cdn.trustindex.io\/assets\/platform\/Google\/star\/f.svg\" alt=\"Google\" width=\"17\" height=\"17\" loading=\"lazy\"><\/trustindex-image><span class=\"ti-verified-review ti-verified-platform\"><span class=\"ti-verified-tooltip\">Trustindex verifica que la fuente original de la rese\u00f1a sea Google.<\/span><\/span><\/span> <div class=\"ti-review-text-container ti-review-content\"><!-- R-CONTENT -->Nos ha encantado la experiencia y el resultado de las fotos \ud83d\ude0d. Muy profesional, paciente y con un talento incre\u00edble. Sin duda repetiremos. \u00a1Gracias por este recuerdo tan bonito!<!-- R-CONTENT --><\/div> <span class=\"ti-read-more\" data-container=\".ti-review-content\" data-collapse-text=\"Ocultar\" data-open-text=\"Leer m\u00e1s\"><\/span> <\/div> <\/div>  <\/div> <div class=\"ti-controls-line\"> <div class=\"dot\"><\/div> <\/div>   <\/div> <\/div> <\/div> <\/template><\/pre><div data-src=\"https:\/\/cdn.trustindex.io\/loader.js?wp-widget\" data-template-id=\"trustindex-google-widget-html\" data-css-url=\"https:\/\/alexguillenfotografo.com\/studio\/wp-content\/uploads\/sites\/3\/trustindex-google-widget.css?1774399408\"><\/div>[\/et_pb_code][\/et_pb_column][\/et_pb_row][\/et_pb_section][et_pb_section fb_built=\u00bb1&#8243; _builder_version=\u00bb4.27.4&#8243; _module_preset=\u00bbdefault\u00bb custom_padding=\u00bb0px||||false|false\u00bb global_colors_info=\u00bb{}\u00bb][et_pb_row column_structure=\u00bb3_5,2_5&#8243; use_custom_gutter=\u00bbon\u00bb _builder_version=\u00bb4.27.4&#8243; _module_preset=\u00bbdefault\u00bb global_colors_info=\u00bb{}\u00bb][et_pb_column type=\u00bb3_5&#8243; _builder_version=\u00bb4.27.4&#8243; _module_preset=\u00bbdefault\u00bb global_colors_info=\u00bb{}\u00bb][et_pb_text module_class=\u00bbtitulares_2&#8243; _builder_version=\u00bb4.27.4&#8243; _module_preset=\u00bbdefault\u00bb text_font=\u00bb&#8211;et_global_body_font||||||||\u00bb header_2_font=\u00bb||||||||\u00bb header_2_font_size=\u00bb20px\u00bb custom_margin=\u00bb||0px||false|false\u00bb header_2_text_align_tablet=\u00bbleft\u00bb header_2_text_align_phone=\u00bbleft\u00bb header_2_text_align_last_edited=\u00bbon|tablet\u00bb global_colors_info=\u00bb{}\u00bb]<\/p>\n<h2>Reportajes de bautizo en M\u00e1laga<\/h2>\n<p>[\/et_pb_text][et_pb_text module_class=\u00bbsubth titulares_2&#8243; _builder_version=\u00bb4.27.4&#8243; _module_preset=\u00bbdefault\u00bb text_font=\u00bb|600|||||||\u00bb text_font_size=\u00bb46px\u00bb text_line_height=\u00bb1.4em\u00bb text_orientation_tablet=\u00bbleft\u00bb text_orientation_phone=\u00bbleft\u00bb text_orientation_last_edited=\u00bbon|tablet\u00bb global_colors_info=\u00bb{}\u00bb]Qu\u00e9 incluye el servicio[\/et_pb_text][et_pb_divider _builder_version=\u00bb4.27.4&#8243; _module_preset=\u00bbdefault\u00bb width=\u00bb50%\u00bb module_alignment=\u00bbleft\u00bb locked=\u00bboff\u00bb global_colors_info=\u00bb{}\u00bb][\/et_pb_divider][et_pb_text _builder_version=\u00bb4.27.4&#8243; _module_preset=\u00bbdefault\u00bb text_font=\u00bb|300|||||||\u00bb text_font_size=\u00bb20px\u00bb text_line_height=\u00bb1.75em\u00bb ul_font=\u00bb|300|||||||\u00bb ul_font_size=\u00bb20px\u00bb ul_line_height=\u00bb1.8em\u00bb global_colors_info=\u00bb{}\u00bb]<\/p>\n<ul>\n<li>Direcci\u00f3n fotogr\u00e1fica profesional con trato cercano.<\/li>\n<li>Retratos del beb\u00e9 y fotograf\u00edas con los padres, padrinos y familia.<\/li>\n<li>Detalles del vestuario, la ceremonia y la celebraci\u00f3n.<\/li>\n<li>Entrega digital en <strong>galer\u00eda privada<\/strong>, con opci\u00f3n de <strong>\u00e1lbum f\u00edsico hecho en Italia<\/strong>.<\/li>\n<li>\u00a0Posibilidad de a\u00f1adir <strong>v\u00eddeo resumen o reportaje extendido<\/strong> si lo deseas.<\/li>\n<\/ul>\n<p>[\/et_pb_text][\/et_pb_column][et_pb_column type=\u00bb2_5&#8243; _builder_version=\u00bb4.27.4&#8243; _module_preset=\u00bbdefault\u00bb global_colors_info=\u00bb{}\u00bb][et_pb_image src=\u00bbhttps:\/\/alexguillenfotografo.com\/wp-content\/uploads\/sites\/3\/2025\/11\/bautizos03.jpg\u00bb alt=\u00bbReportaje de boda\u00bb title_text=\u00bbbautizos03&#8243; _builder_version=\u00bb4.27.4&#8243; _module_preset=\u00bbdefault\u00bb global_colors_info=\u00bb{}\u00bb][\/et_pb_image][\/et_pb_column][\/et_pb_row][\/et_pb_section][et_pb_section fb_built=\u00bb1&#8243; custom_padding_last_edited=\u00bbon|phone\u00bb module_class=\u00bbseccionesh mtrabajo\u00bb _builder_version=\u00bb4.27.4&#8243; _module_preset=\u00bbdefault\u00bb background_image=\u00bbhttps:\/\/alexguillenfotografo.com\/wp-content\/uploads\/sites\/3\/2025\/10\/fondo_metodo.png\u00bb background_size=\u00bbinitial\u00bb background_position=\u00bbtop_left\u00bb custom_padding=\u00bb0px||0px||false|false\u00bb custom_padding_tablet=\u00bb0px||0px||false|false\u00bb custom_padding_phone=\u00bb2rem||0px||false|false\u00bb global_colors_info=\u00bb{}\u00bb][et_pb_row column_structure=\u00bb1_2,1_2&#8243; use_custom_gutter=\u00bbon\u00bb gutter_width=\u00bb1&#8243; make_equal=\u00bbon\u00bb _builder_version=\u00bb4.27.4&#8243; _module_preset=\u00bbdefault\u00bb width=\u00bb100%\u00bb max_width=\u00bb100%\u00bb custom_padding=\u00bb0px||0px||false|false\u00bb global_colors_info=\u00bb{}\u00bb][et_pb_column type=\u00bb1_2&#8243; _builder_version=\u00bb4.27.4&#8243; _module_preset=\u00bbdefault\u00bb custom_padding=\u00bb50px|||138px|false|false\u00bb global_colors_info=\u00bb{}\u00bb][et_pb_text module_class=\u00bbtitulares_2&#8243; _builder_version=\u00bb4.27.4&#8243; _module_preset=\u00bbdefault\u00bb text_font=\u00bb&#8211;et_global_body_font||||||||\u00bb header_2_font=\u00bb||||||||\u00bb header_2_font_size=\u00bb20px\u00bb custom_margin=\u00bb||0px||false|false\u00bb header_2_text_align_tablet=\u00bbleft\u00bb header_2_text_align_phone=\u00bbleft\u00bb header_2_text_align_last_edited=\u00bbon|tablet\u00bb global_colors_info=\u00bb{}\u00bb]<\/p>\n<h2>Sesiones de bautizo en M\u00e1laga<\/h2>\n<p>[\/et_pb_text][et_pb_text module_class=\u00bbsubth titulares_2&#8243; _builder_version=\u00bb4.27.4&#8243; _module_preset=\u00bbdefault\u00bb text_font=\u00bb|600|||||||\u00bb text_font_size=\u00bb46px\u00bb text_line_height=\u00bb1.4em\u00bb custom_margin=\u00bb||1rem||false|false\u00bb text_orientation_tablet=\u00bbleft\u00bb text_orientation_phone=\u00bbleft\u00bb text_orientation_last_edited=\u00bbon|tablet\u00bb global_colors_info=\u00bb{}\u00bb]C\u00f3mo trabajamos[\/et_pb_text][et_pb_text ol_position=\u00bboutside\u00bb module_class=\u00bbtprecios\u00bb _builder_version=\u00bb4.27.4&#8243; _module_preset=\u00bbdefault\u00bb ol_font_size=\u00bb17px\u00bb ol_line_height=\u00bb1.7em\u00bb custom_margin=\u00bb||1rem||false|false\u00bb global_colors_info=\u00bb{}\u00bb]<\/p>\n<ol>\n<li><strong>Reserva tu fecha<br \/><\/strong>con antelaci\u00f3n (las comuniones se llenan r\u00e1pido).<\/li>\n<li><strong>Planificaci\u00f3n previa<br \/><\/strong>localizaci\u00f3n, horarios y estilo de sesi\u00f3n.<\/li>\n<li><strong>Sesi\u00f3n fotogr\u00e1fica<\/strong><br \/>en exterior, seg\u00fan el tipo de reportaje que busques..<\/li>\n<li><strong>Edici\u00f3n cuidada<\/strong><br \/>color, tono y retoque natural<\/li>\n<li><strong>Entrega final:<\/strong><br \/>galer\u00eda online para compartir y descarga directa.<\/li>\n<\/ol>\n<p>[\/et_pb_text][\/et_pb_column][et_pb_column type=\u00bb1_2&#8243; _builder_version=\u00bb4.27.4&#8243; _module_preset=\u00bbdefault\u00bb global_colors_info=\u00bb{}\u00bb][et_pb_image src=\u00bbhttps:\/\/alexguillenfotografo.com\/wp-content\/uploads\/sites\/3\/2025\/11\/bautizos08.jpg\u00bb title_text=\u00bbbautizos08&#8243; _builder_version=\u00bb4.27.4&#8243; _module_preset=\u00bbdefault\u00bb global_colors_info=\u00bb{}\u00bb][\/et_pb_image][\/et_pb_column][\/et_pb_row][\/et_pb_section][et_pb_section fb_built=\u00bb1&#8243; module_class=\u00bbbpaso\u00bb _builder_version=\u00bb4.27.4&#8243; _module_preset=\u00bbdefault\u00bb global_colors_info=\u00bb{}\u00bb][et_pb_row column_structure=\u00bb3_5,2_5&#8243; _builder_version=\u00bb4.27.4&#8243; _module_preset=\u00bbdefault\u00bb global_colors_info=\u00bb{}\u00bb][et_pb_column type=\u00bb3_5&#8243; _builder_version=\u00bb4.27.4&#8243; _module_preset=\u00bbdefault\u00bb global_colors_info=\u00bb{}\u00bb][et_pb_image src=\u00bbhttps:\/\/alexguillenfotografo.com\/wp-content\/uploads\/sites\/3\/2025\/11\/bautizos01.jpg\u00bb alt=\u00bbReportaje fotogr\u00e1fico paso a paso\u00bb title_text=\u00bbbautizos01&#8243; _builder_version=\u00bb4.27.4&#8243; _module_preset=\u00bbdefault\u00bb max_width=\u00bb535px\u00bb border_width_all=\u00bb4px\u00bb border_color_all=\u00bb#FFFFFF\u00bb global_colors_info=\u00bb{}\u00bb][\/et_pb_image][et_pb_image src=\u00bbhttps:\/\/alexguillenfotografo.com\/wp-content\/uploads\/sites\/3\/2025\/11\/bautizos04.jpg\u00bb alt=\u00bbReportaje fotogr\u00e1fico paso a paso\u00bb title_text=\u00bbbautizos04&#8243; _builder_version=\u00bb4.27.4&#8243; _module_preset=\u00bbdefault\u00bb positioning=\u00bbabsolute\u00bb position_origin_a=\u00bbbottom_right\u00bb vertical_offset=\u00bb-180px\u00bb width=\u00bb100%\u00bb max_width=\u00bb535px\u00bb border_width_all=\u00bb4px\u00bb border_color_all=\u00bb#FFFFFF\u00bb global_colors_info=\u00bb{}\u00bb][\/et_pb_image][\/et_pb_column][et_pb_column type=\u00bb2_5&#8243; _builder_version=\u00bb4.27.4&#8243; _module_preset=\u00bbdefault\u00bb custom_padding=\u00bb||||false|false\u00bb custom_padding_tablet=\u00bb10em||||false|false\u00bb custom_padding_phone=\u00bb10em||||false|false\u00bb custom_padding_last_edited=\u00bbon|tablet\u00bb global_colors_info=\u00bb{}\u00bb][et_pb_text module_class=\u00bbtseccion subtitulo\u00bb _builder_version=\u00bb4.27.4&#8243; _module_preset=\u00bbdefault\u00bb text_font=\u00bb|300|||||||\u00bb text_letter_spacing=\u00bb2px\u00bb header_2_font=\u00bb|300|||||||\u00bb header_2_text_color=\u00bb#000000&#8243; header_2_font_size=\u00bb46px\u00bb header_2_line_height=\u00bb1.4em\u00bb global_colors_info=\u00bb{}\u00bb]<\/p>\n<h2>Plazos y opciones para <strong>bautizos<\/strong><\/h2>\n<p>[\/et_pb_text][et_pb_divider _builder_version=\u00bb4.27.4&#8243; _module_preset=\u00bbdefault\u00bb width=\u00bb50%\u00bb module_alignment_tablet=\u00bbcenter\u00bb module_alignment_phone=\u00bbcenter\u00bb module_alignment_last_edited=\u00bbon|tablet\u00bb locked=\u00bboff\u00bb global_colors_info=\u00bb{}\u00bb][\/et_pb_divider][et_pb_text _builder_version=\u00bb4.27.4&#8243; _module_preset=\u00bbdefault\u00bb text_font=\u00bb|300|||||||\u00bb text_font_size=\u00bb20px\u00bb text_line_height=\u00bb1.75em\u00bb ul_text_align=\u00bbleft\u00bb ul_line_height=\u00bb2em\u00bb text_orientation=\u00bbright\u00bb max_width=\u00bb100%\u00bb max_width_tablet=\u00bb100%\u00bb max_width_phone=\u00bb100%\u00bb max_width_last_edited=\u00bbon|tablet\u00bb text_orientation_tablet=\u00bbcenter\u00bb text_orientation_phone=\u00bbcenter\u00bb text_orientation_last_edited=\u00bbon|tablet\u00bb global_colors_info=\u00bb{}\u00bb]<\/p>\n<ul>\n<li><strong>Entrega digital<\/strong>: entre <strong>7 y 10 d\u00edas laborables<\/strong>.<\/li>\n<li><strong>\u00c1lbum f\u00edsico (opcional)<\/strong>: maquetaci\u00f3n a medida, materiales premium y entrega en unas 3 semanas.<\/li>\n<li><strong>Presupuesto cerrado<\/strong>: sin sorpresas ni \u201cpagado aparte\u201d.<\/li>\n<\/ul>\n<p>[\/et_pb_text][et_pb_divider _builder_version=\u00bb4.27.4&#8243; _module_preset=\u00bbdefault\u00bb width=\u00bb70%\u00bb custom_margin=\u00bb||0px||false|false\u00bb global_colors_info=\u00bb{}\u00bb][\/et_pb_divider][et_pb_text _builder_version=\u00bb4.27.4&#8243; _module_preset=\u00bbdefault\u00bb text_font=\u00bb&#8211;et_global_body_font|700|||||||\u00bb text_letter_spacing=\u00bb2px\u00bb text_line_height=\u00bb20px\u00bb custom_margin=\u00bb||2rem||false|false\u00bb global_colors_info=\u00bb{}\u00bb]\u00bfNecesitas m\u00e1s informaci\u00f3n o reservar tu fecha?[\/et_pb_text][et_pb_button button_url=\u00bb@ET-DC@eyJkeW5hbWljIjp0cnVlLCJjb250ZW50IjoicG9zdF9saW5rX3VybF9wYWdlIiwic2V0dGluZ3MiOnsicG9zdF9pZCI6IjEwMDc3In19@\u00bb button_text=\u00bbConsulta disponibilidad ahora\u00bb module_class=\u00bbparrafos\u00bb _builder_version=\u00bb4.27.4&#8243; _dynamic_attributes=\u00bbbutton_url\u00bb _module_preset=\u00bbdefault\u00bb custom_button=\u00bbon\u00bb button_bg_color=\u00bb#000000&#8243; button_font=\u00bb&#8211;et_global_body_font||||||||\u00bb button_icon=\u00bb&#xf061;||fa||900&#8243; background_layout=\u00bbdark\u00bb custom_padding=\u00bb0px||2px||false|false\u00bb global_colors_info=\u00bb{}\u00bb][\/et_pb_button][\/et_pb_column][\/et_pb_row][\/et_pb_section][et_pb_section fb_built=\u00bb1&#8243; module_class=\u00bbseccionesh faqsh\u00bb _builder_version=\u00bb4.27.4&#8243; _module_preset=\u00bbdefault\u00bb custom_padding=\u00bb0px||||false|false\u00bb global_colors_info=\u00bb{}\u00bb][et_pb_row _builder_version=\u00bb4.27.4&#8243; _module_preset=\u00bbdefault\u00bb custom_padding=\u00bb||0px||false|false\u00bb global_colors_info=\u00bb{}\u00bb][et_pb_column type=\u00bb4_4&#8243; _builder_version=\u00bb4.27.4&#8243; _module_preset=\u00bbdefault\u00bb global_colors_info=\u00bb{}\u00bb][et_pb_text module_class=\u00bbsubth\u00bb _builder_version=\u00bb4.27.4&#8243; _module_preset=\u00bbdefault\u00bb text_font=\u00bb|700|||||||\u00bb text_font_size=\u00bb64px\u00bb text_line_height=\u00bb1.2em\u00bb header_2_font=\u00bbSohne Extra Bold||||||||\u00bb header_2_font_size=\u00bb64px\u00bb header_2_line_height=\u00bb1.2em\u00bb custom_margin=\u00bb||2rem||false|false\u00bb global_colors_info=\u00bb{}\u00bb]<\/p>\n<p>Sal de dudas<\/p>\n<p>[\/et_pb_text][\/et_pb_column][\/et_pb_row][et_pb_row column_structure=\u00bb1_2,1_2&#8243; _builder_version=\u00bb4.27.4&#8243; _module_preset=\u00bbdefault\u00bb custom_padding=\u00bb0px||0px||false|false\u00bb global_colors_info=\u00bb{}\u00bb][et_pb_column type=\u00bb1_2&#8243; _builder_version=\u00bb4.27.4&#8243; _module_preset=\u00bbdefault\u00bb global_colors_info=\u00bb{}\u00bb][et_pb_image src=\u00bbhttps:\/\/alexguillenfotografo.com\/wp-content\/uploads\/sites\/3\/2025\/11\/bautizos06.jpg\u00bb title_text=\u00bbbautizos06&#8243; _builder_version=\u00bb4.27.4&#8243; _module_preset=\u00bbdefault\u00bb global_colors_info=\u00bb{}\u00bb][\/et_pb_image][\/et_pb_column][et_pb_column type=\u00bb1_2&#8243; _builder_version=\u00bb4.27.4&#8243; _module_preset=\u00bbdefault\u00bb global_colors_info=\u00bb{}\u00bb][et_pb_toggle title=\u00bb\u00bfD\u00f3nde se puede hacer la sesi\u00f3n?\u00bb open=\u00bbon\u00bb open_toggle_text_color=\u00bb#000000&#8243; icon_color=\u00bb#000000&#8243; toggle_icon=\u00bb&#x43;||divi||400&#8243; open_icon_color=\u00bb#000000&#8243; open_toggle_icon=\u00bb&#x42;||divi||400&#8243; _builder_version=\u00bb4.27.4&#8243; _module_preset=\u00bbdefault\u00bb title_text_color=\u00bb#000000&#8243; title_level=\u00bbh3&#8243; title_font=\u00bb|600|||||||\u00bb title_font_size=\u00bb24px\u00bb title_line_height=\u00bb1.2em\u00bb background_color=\u00bbRGBA(255,255,255,0)\u00bb custom_margin=\u00bb||2rem||false|false\u00bb custom_padding=\u00bb0px|0px|0px|0px|false|false\u00bb border_width_all=\u00bb0px\u00bb global_colors_info=\u00bb{}\u00bb]<\/p>\n<p>En casa durante los preparativos previos, en la iglesia durante la ceremonia, en exteriores, o todo ello en pack completo, seg\u00fan el estilo que prefieras.<\/p>\n<p>[\/et_pb_toggle][et_pb_toggle title=\u00bb\u00bfPodemos incluir fotos familiares?\u00bb open_toggle_text_color=\u00bb#000000&#8243; icon_color=\u00bb#000000&#8243; toggle_icon=\u00bb&#x43;||divi||400&#8243; open_icon_color=\u00bb#000000&#8243; open_toggle_icon=\u00bb&#x42;||divi||400&#8243; _builder_version=\u00bb4.27.4&#8243; _module_preset=\u00bbdefault\u00bb title_text_color=\u00bb#000000&#8243; title_level=\u00bbh3&#8243; title_font=\u00bb|600|||||||\u00bb title_font_size=\u00bb24px\u00bb title_line_height=\u00bb1.2em\u00bb background_color=\u00bbRGBA(255,255,255,0)\u00bb custom_margin=\u00bb||2rem||false|false\u00bb custom_padding=\u00bb0px|0px|0px|0px|false|false\u00bb border_width_all=\u00bb0px\u00bb global_colors_info=\u00bb{}\u00bb]S\u00ed, y de hecho lo recomiendo. Es una ocasi\u00f3n perfecta para tener un recuerdo conjunto de toda la familia.[\/et_pb_toggle][et_pb_toggle title=\u00bb\u00bfCu\u00e1nto dura la sesi\u00f3n?\u00bb open_toggle_text_color=\u00bb#000000&#8243; icon_color=\u00bb#000000&#8243; toggle_icon=\u00bb&#x43;||divi||400&#8243; open_icon_color=\u00bb#000000&#8243; open_toggle_icon=\u00bb&#x42;||divi||400&#8243; _builder_version=\u00bb4.27.4&#8243; _module_preset=\u00bbdefault\u00bb title_text_color=\u00bb#000000&#8243; title_level=\u00bbh3&#8243; title_font=\u00bb|600|||||||\u00bb title_font_size=\u00bb24px\u00bb title_line_height=\u00bb1.2em\u00bb background_color=\u00bbRGBA(255,255,255,0)\u00bb custom_margin=\u00bb||2rem||false|false\u00bb custom_padding=\u00bb0px|0px|0px|0px|false|false\u00bb border_width_all=\u00bb0px\u00bb global_colors_info=\u00bb{}\u00bb]<\/p>\n<p>Normalmente entre <strong>45 minutos y 1 hora y media<\/strong>, dependiendo del tipo de reportaje.<\/p>\n<p>[\/et_pb_toggle][et_pb_toggle title=\u00bb\u00bfEntregas \u00e1lbum f\u00edsico?\u00bb open_toggle_text_color=\u00bb#000000&#8243; icon_color=\u00bb#000000&#8243; toggle_icon=\u00bb&#x43;||divi||400&#8243; open_icon_color=\u00bb#000000&#8243; open_toggle_icon=\u00bb&#x42;||divi||400&#8243; _builder_version=\u00bb4.27.4&#8243; _module_preset=\u00bbdefault\u00bb title_text_color=\u00bb#000000&#8243; title_level=\u00bbh3&#8243; title_font=\u00bb|600|||||||\u00bb title_font_size=\u00bb24px\u00bb title_line_height=\u00bb1.2em\u00bb background_color=\u00bbRGBA(255,255,255,0)\u00bb custom_margin=\u00bb||2rem||false|false\u00bb custom_padding=\u00bb0px|0px|0px|0px|false|false\u00bb border_width_all=\u00bb0px\u00bb global_colors_info=\u00bb{}\u00bb]<\/p>\n<p>Es opcional. Se realiza con un proveedor italiano de alta calidad y maquetaci\u00f3n personalizada.<\/p>\n<p>[\/et_pb_toggle][et_pb_toggle title=\u00bb\u00bfCon cu\u00e1nta antelaci\u00f3n debo reservar?\u00bb open_toggle_text_color=\u00bb#000000&#8243; icon_color=\u00bb#000000&#8243; toggle_icon=\u00bb&#x43;||divi||400&#8243; open_icon_color=\u00bb#000000&#8243; open_toggle_icon=\u00bb&#x42;||divi||400&#8243; _builder_version=\u00bb4.27.4&#8243; _module_preset=\u00bbdefault\u00bb title_text_color=\u00bb#000000&#8243; title_level=\u00bbh3&#8243; title_font=\u00bb|600|||||||\u00bb title_font_size=\u00bb24px\u00bb title_line_height=\u00bb1.2em\u00bb background_color=\u00bbRGBA(255,255,255,0)\u00bb custom_margin=\u00bb||1rem||false|false\u00bb custom_padding=\u00bb0px|0px|0px|0px|false|false\u00bb border_width_all=\u00bb0px\u00bb global_colors_info=\u00bb{}\u00bb]<\/p>\n<p><strong>Al menos tres meses antes<\/strong> para asegurar disponibilidad.<\/p>\n<p>[\/et_pb_toggle][\/et_pb_column][\/et_pb_row][\/et_pb_section][et_pb_section fb_built=\u00bb1&#8243; _builder_version=\u00bb4.27.4&#8243; _module_preset=\u00bbdefault\u00bb use_background_color_gradient=\u00bbon\u00bb background_color_gradient_stops=\u00bbrgba(0,0,0,0.39) 0%|rgba(0,0,0,0.4) 99%\u00bb background_color_gradient_overlays_image=\u00bbon\u00bb background_image=\u00bbhttps:\/\/alexguillenfotografo.com\/wp-content\/uploads\/sites\/3\/2025\/11\/bautizos07.jpg\u00bb global_colors_info=\u00bb{}\u00bb][et_pb_row _builder_version=\u00bb4.27.4&#8243; _module_preset=\u00bbdefault\u00bb width=\u00bb90%\u00bb global_colors_info=\u00bb{}\u00bb][et_pb_column type=\u00bb4_4&#8243; _builder_version=\u00bb4.27.4&#8243; _module_preset=\u00bbdefault\u00bb global_colors_info=\u00bb{}\u00bb][et_pb_text module_class=\u00bbtseccion subtitulo titulares_2&#8243; _builder_version=\u00bb4.27.4&#8243; _module_preset=\u00bbdefault\u00bb text_font=\u00bb|300|||||||\u00bb text_font_size=\u00bb46px\u00bb text_letter_spacing=\u00bb2px\u00bb text_line_height=\u00bb1.4em\u00bb header_2_font=\u00bb|300|||||||\u00bb header_2_font_size=\u00bb46px\u00bb header_2_line_height=\u00bb1.4em\u00bb text_orientation=\u00bbcenter\u00bb background_layout=\u00bbdark\u00bb max_width=\u00bb80%\u00bb module_alignment=\u00bbcenter\u00bb header_2_text_align_tablet=\u00bbleft\u00bb header_2_text_align_phone=\u00bbleft\u00bb header_2_text_align_last_edited=\u00bbon|tablet\u00bb global_colors_info=\u00bb{}\u00bb]<\/p>\n<p>El bautizo de tu hij@ merece un recuerdo lleno de <strong>ternura<\/strong>, elegante y con <strong>alma<\/strong>.<\/p>\n<p>[\/et_pb_text][et_pb_text module_class=\u00bbpmas\u00bb _builder_version=\u00bb4.27.4&#8243; _module_preset=\u00bbdefault\u00bb text_font_size=\u00bb20px\u00bb text_line_height=\u00bb1.75em\u00bb text_orientation=\u00bbcenter\u00bb background_layout=\u00bbdark\u00bb global_colors_info=\u00bb{}\u00bb]<\/p>\n<p>Cu\u00e9ntame tu idea y te preparo una propuesta<\/p>\n<p>[\/et_pb_text][et_pb_button button_url=\u00bb@ET-DC@eyJkeW5hbWljIjp0cnVlLCJjb250ZW50IjoicG9zdF9saW5rX3VybF9wYWdlIiwic2V0dGluZ3MiOnsicG9zdF9pZCI6IjEwMDc3In19@\u00bb button_text=\u00bbContacta aqu\u00ed\u00bb button_alignment=\u00bbcenter\u00bb _builder_version=\u00bb4.27.4&#8243; _dynamic_attributes=\u00bbbutton_url\u00bb _module_preset=\u00bbdefault\u00bb custom_button=\u00bbon\u00bb button_text_color=\u00bb#FFFFFF\u00bb button_border_width=\u00bb1px\u00bb button_border_color=\u00bb#FFFFFF\u00bb button_use_icon=\u00bboff\u00bb custom_margin=\u00bb3rem||||false|false\u00bb locked=\u00bboff\u00bb global_colors_info=\u00bb{}\u00bb button_text_color__hover_enabled=\u00bbon|hover\u00bb button_text_color__hover=\u00bb#000000&#8243; button_bg_color__hover_enabled=\u00bbon|hover\u00bb button_bg_color__hover=\u00bb#FFFFFF\u00bb button_bg_enable_color__hover=\u00bbon\u00bb][\/et_pb_button][\/et_pb_column][\/et_pb_row][\/et_pb_section]<\/p>\n","protected":false},"excerpt":{"rendered":"<p>Fot\u00f3grafo de bautizos en M\u00e1lagaRecuerdos llenos de ternura y emoci\u00f3n para conservar siempre.Los bautizos son d\u00edas cargados de significado y de momentos que pasan volando. Conmigo conseguir\u00e1s una fotograf\u00eda natural y cuidada, pensada para capturar la esencia de ese primer gran d\u00eda en la vida de tu hij@, rodeado de familia, sonrisas y cari\u00f1o.\u00bfBuscas un [&hellip;]<\/p>\n","protected":false},"author":1,"featured_media":0,"parent":0,"menu_order":0,"comment_status":"closed","ping_status":"closed","template":"","meta":{"_et_pb_use_builder":"on","_et_pb_old_content":"<!-- wp:divi\/placeholder \/-->","_et_gb_content_width":"","footnotes":""},"class_list":["post-10054","page","type-page","status-publish","hentry"],"_links":{"self":[{"href":"https:\/\/alexguillenfotografo.com\/studio\/wp-json\/wp\/v2\/pages\/10054","targetHints":{"allow":["GET"]}}],"collection":[{"href":"https:\/\/alexguillenfotografo.com\/studio\/wp-json\/wp\/v2\/pages"}],"about":[{"href":"https:\/\/alexguillenfotografo.com\/studio\/wp-json\/wp\/v2\/types\/page"}],"author":[{"embeddable":true,"href":"https:\/\/alexguillenfotografo.com\/studio\/wp-json\/wp\/v2\/users\/1"}],"replies":[{"embeddable":true,"href":"https:\/\/alexguillenfotografo.com\/studio\/wp-json\/wp\/v2\/comments?post=10054"}],"version-history":[{"count":20,"href":"https:\/\/alexguillenfotografo.com\/studio\/wp-json\/wp\/v2\/pages\/10054\/revisions"}],"predecessor-version":[{"id":11676,"href":"https:\/\/alexguillenfotografo.com\/studio\/wp-json\/wp\/v2\/pages\/10054\/revisions\/11676"}],"wp:attachment":[{"href":"https:\/\/alexguillenfotografo.com\/studio\/wp-json\/wp\/v2\/media?parent=10054"}],"curies":[{"name":"wp","href":"https:\/\/api.w.org\/{rel}","templated":true}]}}