{"id":10073,"date":"2025-10-28T08:18:45","date_gmt":"2025-10-28T07:18:45","guid":{"rendered":"https:\/\/devacuabit.es\/aguillen\/studio\/?page_id=10073"},"modified":"2025-11-13T10:42:50","modified_gmt":"2025-11-13T09:42:50","slug":"tu-proyecto-sesion-paso-a-paso","status":"publish","type":"page","link":"https:\/\/alexguillenfotografo.com\/studio\/tu-proyecto-sesion-paso-a-paso\/","title":{"rendered":"Tu proyecto\/sesi\u00f3n paso a paso"},"content":{"rendered":"<p>[et_pb_section fb_built=\u00bb1&#8243; make_equal=\u00bbon\u00bb use_custom_gutter=\u00bbon\u00bb gutter_width=\u00bb1&#8243; specialty=\u00bbon\u00bb padding_left_3=\u00bb20px\u00bb padding_top_bottom_link_2=\u00bbfalse\u00bb padding_top_bottom_link_3=\u00bbfalse\u00bb padding_left_right_link_2=\u00bbfalse\u00bb padding_left_right_link_3=\u00bbfalse\u00bb module_class=\u00bbintro-studio seccionesh\u00bb _builder_version=\u00bb4.27.4&#8243; _module_preset=\u00bbdefault\u00bb inner_width=\u00bb1640px\u00bb global_colors_info=\u00bb{}\u00bb][et_pb_column type=\u00bb1_2&#8243; specialty_columns=\u00bb2&#8243; _builder_version=\u00bb4.16&#8243; custom_padding=\u00bb|||\u00bb global_colors_info=\u00bb{}\u00bb custom_padding__hover=\u00bb|||\u00bb][et_pb_row_inner _builder_version=\u00bb4.27.4&#8243; _module_preset=\u00bbdefault\u00bb global_colors_info=\u00bb{}\u00bb][et_pb_column_inner saved_specialty_column_type=\u00bb1_2&#8243; _builder_version=\u00bb4.27.4&#8243; _module_preset=\u00bbdefault\u00bb custom_padding=\u00bb|5rem|||false|false\u00bb global_colors_info=\u00bb{}\u00bb][et_pb_text module_class=\u00bbtitulares_2&#8243; _builder_version=\u00bb4.27.4&#8243; _module_preset=\u00bbdefault\u00bb text_font=\u00bb&#8211;et_global_heading_font|600|||||||\u00bb text_font_size=\u00bb46px\u00bb text_letter_spacing=\u00bb2px\u00bb text_line_height=\u00bb1.25em\u00bb header_font=\u00bb|600|||||||\u00bb custom_margin=\u00bb||10px||false|false\u00bb global_colors_info=\u00bb{}\u00bb]<\/p>\n<h1>Tu proyecto o sesi\u00f3n paso a paso<\/h1>\n<p>[\/et_pb_text][et_pb_text module_class=\u00bbtseccion subtitulo_2&#8243; _builder_version=\u00bb4.27.4&#8243; _module_preset=\u00bbdefault\u00bb text_font=\u00bb|300|||||||\u00bb text_font_size=\u00bb36px\u00bb text_letter_spacing=\u00bb2px\u00bb text_line_height=\u00bb1.75em\u00bb custom_margin=\u00bb||10px||false|false\u00bb global_colors_info=\u00bb{}\u00bb]Transparencia, acompa\u00f1amiento y una experiencia pensada para ti[\/et_pb_text][et_pb_text _builder_version=\u00bb4.27.4&#8243; _module_preset=\u00bbdefault\u00bb text_font=\u00bb&#8211;et_global_body_font||||||||\u00bb text_letter_spacing=\u00bb2px\u00bb global_colors_info=\u00bb{}\u00bb]<\/p>\n<p>Cada sesi\u00f3n o proyecto comienza con una conversaci\u00f3n. Desde ese primer contacto, mi objetivo es que te sientas acompa\u00f1ad@, comprendid@ y seguro de que todo saldr\u00e1 como esperas.<\/p>\n<p>Cuido cada detalle del proceso, para que disfrutes tanto del resultado como de la experiencia.<\/p>\n<p>[\/et_pb_text][\/et_pb_column_inner][\/et_pb_row_inner][et_pb_row_inner _builder_version=\u00bb4.27.4&#8243; _module_preset=\u00bbdefault\u00bb positioning=\u00bbnone\u00bb position_origin_a=\u00bbbottom_center\u00bb width=\u00bb100%\u00bb custom_padding=\u00bb0px||||false|false\u00bb global_colors_info=\u00bb{}\u00bb][et_pb_column_inner saved_specialty_column_type=\u00bb1_2&#8243; _builder_version=\u00bb4.27.4&#8243; _module_preset=\u00bbdefault\u00bb global_colors_info=\u00bb{}\u00bb][et_pb_divider _builder_version=\u00bb4.27.4&#8243; _module_preset=\u00bbdefault\u00bb width=\u00bb70%\u00bb custom_margin=\u00bb||0px||false|false\u00bb global_colors_info=\u00bb{}\u00bb][\/et_pb_divider][et_pb_text _builder_version=\u00bb4.27.4&#8243; _module_preset=\u00bbdefault\u00bb text_font=\u00bb&#8211;et_global_body_font|700|||||||\u00bb text_letter_spacing=\u00bb2px\u00bb text_line_height=\u00bb20px\u00bb custom_margin=\u00bb||15px||false|false\u00bb global_colors_info=\u00bb{}\u00bb]\u00bfBuscas un fot\u00f3grafo profesional en M\u00e1laga?[\/et_pb_text][et_pb_button button_url=\u00bb@ET-DC@eyJkeW5hbWljIjp0cnVlLCJjb250ZW50IjoicG9zdF9saW5rX3VybF9wYWdlIiwic2V0dGluZ3MiOnsicG9zdF9pZCI6IjEwMDc3In19@\u00bb button_text=\u00bbContacta conmigo aqu\u00ed\u00bb module_class=\u00bbparrafos\u00bb _builder_version=\u00bb4.27.4&#8243; _dynamic_attributes=\u00bbbutton_url\u00bb _module_preset=\u00bbdefault\u00bb custom_button=\u00bbon\u00bb button_bg_color=\u00bb#000000&#8243; button_font=\u00bb&#8211;et_global_body_font||||||||\u00bb button_icon=\u00bb&#xf061;||fa||900&#8243; background_layout=\u00bbdark\u00bb custom_padding=\u00bb0px||2px||false|false\u00bb global_colors_info=\u00bb{}\u00bb][\/et_pb_button][\/et_pb_column_inner][\/et_pb_row_inner][\/et_pb_column][et_pb_column type=\u00bb1_4&#8243; _builder_version=\u00bb4.16&#8243; custom_padding=\u00bb|||\u00bb global_colors_info=\u00bb{}\u00bb custom_padding__hover=\u00bb|||\u00bb][et_pb_image src=\u00bbhttps:\/\/alexguillenfotografo.com\/wp-content\/uploads\/sites\/3\/2025\/11\/tuproyecto07.jpg\u00bb alt=\u00bbImagen book chica\u00bb title_text=\u00bbtuproyecto07&#8243; _builder_version=\u00bb4.27.4&#8243; _module_preset=\u00bbdefault\u00bb custom_margin_tablet=\u00bb\u00bb custom_margin_phone=\u00bb||1rem||false|false\u00bb custom_margin_last_edited=\u00bbon|phone\u00bb global_colors_info=\u00bb{}\u00bb][\/et_pb_image][\/et_pb_column][et_pb_column type=\u00bb1_4&#8243; _builder_version=\u00bb4.16&#8243; custom_padding=\u00bb|||\u00bb global_colors_info=\u00bb{}\u00bb custom_padding__hover=\u00bb|||\u00bb][et_pb_image src=\u00bbhttps:\/\/alexguillenfotografo.com\/wp-content\/uploads\/sites\/3\/2025\/11\/tuproyecto08.jpg\u00bb alt=\u00bbImagen coorporativa\u00bb title_text=\u00bbtuproyecto08&#8243; _builder_version=\u00bb4.27.4&#8243; _module_preset=\u00bbdefault\u00bb custom_margin=\u00bb||20px||false|false\u00bb global_colors_info=\u00bb{}\u00bb][\/et_pb_image][et_pb_image src=\u00bbhttps:\/\/alexguillenfotografo.com\/wp-content\/uploads\/sites\/3\/2025\/11\/tuproyecto02.jpg\u00bb alt=\u00bbImagen book ni\u00f1os\u00bb title_text=\u00bbtuproyecto02&#8243; _builder_version=\u00bb4.27.4&#8243; _module_preset=\u00bbdefault\u00bb global_colors_info=\u00bb{}\u00bb][\/et_pb_image][\/et_pb_column][\/et_pb_section][et_pb_section fb_built=\u00bb1&#8243; custom_padding_last_edited=\u00bbon|phone\u00bb module_class=\u00bbseccionesh mtrabajo\u00bb _builder_version=\u00bb4.27.4&#8243; _module_preset=\u00bbdefault\u00bb background_image=\u00bbhttps:\/\/alexguillenfotografo.com\/wp-content\/uploads\/sites\/3\/2025\/10\/fondo_metodo.png\u00bb background_size=\u00bbinitial\u00bb background_position=\u00bbtop_left\u00bb custom_padding=\u00bb0px||0px||false|false\u00bb custom_padding_tablet=\u00bb0px||0px||false|false\u00bb custom_padding_phone=\u00bb2rem||0px||false|false\u00bb global_colors_info=\u00bb{}\u00bb][et_pb_row column_structure=\u00bb1_2,1_2&#8243; use_custom_gutter=\u00bbon\u00bb gutter_width=\u00bb1&#8243; make_equal=\u00bbon\u00bb _builder_version=\u00bb4.27.4&#8243; _module_preset=\u00bbdefault\u00bb width=\u00bb100%\u00bb max_width=\u00bb100%\u00bb custom_padding=\u00bb0px||0px||false|false\u00bb global_colors_info=\u00bb{}\u00bb][et_pb_column type=\u00bb1_2&#8243; _builder_version=\u00bb4.27.4&#8243; _module_preset=\u00bbdefault\u00bb custom_padding=\u00bb50px|||138px|false|false\u00bb global_colors_info=\u00bb{}\u00bb][et_pb_text module_class=\u00bbtitulares_2&#8243; _builder_version=\u00bb4.27.4&#8243; _module_preset=\u00bbdefault\u00bb text_font=\u00bb&#8211;et_global_body_font||||||||\u00bb header_2_font=\u00bb||||||||\u00bb header_2_font_size=\u00bb20px\u00bb custom_margin=\u00bb||0px||false|false\u00bb header_2_text_align_tablet=\u00bbleft\u00bb header_2_text_align_phone=\u00bbleft\u00bb header_2_text_align_last_edited=\u00bbon|tablet\u00bb global_colors_info=\u00bb{}\u00bb]<\/p>\n<h2>Fot\u00f3grafo profesional en M\u00e1laga<\/h2>\n<p>[\/et_pb_text][et_pb_text module_class=\u00bbsubth titulares_2&#8243; _builder_version=\u00bb4.27.4&#8243; _module_preset=\u00bbdefault\u00bb text_font=\u00bb|600|||||||\u00bb text_font_size=\u00bb46px\u00bb text_line_height=\u00bb1.4em\u00bb custom_margin=\u00bb||1rem||false|false\u00bb text_orientation_tablet=\u00bbleft\u00bb text_orientation_phone=\u00bbleft\u00bb text_orientation_last_edited=\u00bbon|tablet\u00bb global_colors_info=\u00bb{}\u00bb]As\u00ed ser\u00e1 tu experiencia[\/et_pb_text][et_pb_text ol_position=\u00bboutside\u00bb module_class=\u00bbtprecios\u00bb _builder_version=\u00bb4.27.4&#8243; _module_preset=\u00bbdefault\u00bb ol_font_size=\u00bb17px\u00bb ol_line_height=\u00bb1.7em\u00bb custom_margin=\u00bb||1rem||false|false\u00bb global_colors_info=\u00bb{}\u00bb]<\/p>\n<ol>\n<li><strong>Primer contacto<\/strong> <br \/>Cu\u00e9ntame qu\u00e9 tipo de sesi\u00f3n o proyecto necesitas: familiar, corporativo, producto, etc. Te asesorar\u00e9 sobre opciones, estilos y fechas disponibles.<\/li>\n<li><strong>Propuesta personalizada<\/strong>: <br \/>Recibir\u00e1s una propuesta detallada con el tipo de sesi\u00f3n, n\u00famero de fotograf\u00edas, plazos de entrega y presupuesto cerrado por contrato. Sin sorpresas ni suplementos.<\/li>\n<li><strong>Preparaci\u00f3n de la sesi\u00f3n<\/strong> <br \/>Te ayudar\u00e9 a definir el vestuario, localizaci\u00f3n o tipo de iluminaci\u00f3n ideal. Tambi\u00e9n resolveremos cualquier duda pr\u00e1ctica antes del d\u00eda de la sesi\u00f3n.<\/li>\n<li><strong>Sesi\u00f3n fotogr\u00e1fica<\/strong> <br \/>El d\u00eda de la sesi\u00f3n, mi prioridad es que te sientas c\u00f3modo\/a y disfrutes del proceso. Trabajo con direcci\u00f3n cercana y natural, buscando siempre im\u00e1genes aut\u00e9nticas.<\/li>\n<li><strong>Edici\u00f3n y entrega<\/strong> <br \/>Selecciono y edito personalmente cada fotograf\u00eda, cuidando el color, la luz y el estilo. Entrego el trabajo final en galer\u00eda digital privada, lista para compartir o descargar.<\/li>\n<\/ol>\n<p>[\/et_pb_text][\/et_pb_column][et_pb_column type=\u00bb1_2&#8243; _builder_version=\u00bb4.27.4&#8243; _module_preset=\u00bbdefault\u00bb global_colors_info=\u00bb{}\u00bb][et_pb_image src=\u00bbhttps:\/\/alexguillenfotografo.com\/wp-content\/uploads\/sites\/3\/2025\/11\/tuproyecto01.jpg\u00bb title_text=\u00bbtuproyecto01&#8243; _builder_version=\u00bb4.27.4&#8243; _module_preset=\u00bbdefault\u00bb global_colors_info=\u00bb{}\u00bb][\/et_pb_image][\/et_pb_column][\/et_pb_row][\/et_pb_section][et_pb_section fb_built=\u00bb1&#8243; module_class=\u00bbbpaso\u00bb _builder_version=\u00bb4.27.4&#8243; _module_preset=\u00bbdefault\u00bb global_colors_info=\u00bb{}\u00bb][et_pb_row column_structure=\u00bb3_5,2_5&#8243; _builder_version=\u00bb4.27.4&#8243; _module_preset=\u00bbdefault\u00bb global_colors_info=\u00bb{}\u00bb][et_pb_column type=\u00bb3_5&#8243; _builder_version=\u00bb4.27.4&#8243; _module_preset=\u00bbdefault\u00bb global_colors_info=\u00bb{}\u00bb][et_pb_image src=\u00bbhttps:\/\/alexguillenfotografo.com\/wp-content\/uploads\/sites\/3\/2025\/11\/tuproyecto05.jpg\u00bb alt=\u00bbReportaje fotogr\u00e1fico paso a paso\u00bb title_text=\u00bbtuproyecto05&#8243; _builder_version=\u00bb4.27.4&#8243; _module_preset=\u00bbdefault\u00bb max_width=\u00bb535px\u00bb border_width_all=\u00bb4px\u00bb border_color_all=\u00bb#FFFFFF\u00bb global_colors_info=\u00bb{}\u00bb][\/et_pb_image][et_pb_image src=\u00bbhttps:\/\/alexguillenfotografo.com\/wp-content\/uploads\/sites\/3\/2025\/11\/tuproyecto04.jpg\u00bb alt=\u00bbReportaje fotogr\u00e1fico paso a paso\u00bb title_text=\u00bbtuproyecto04&#8243; _builder_version=\u00bb4.27.4&#8243; _module_preset=\u00bbdefault\u00bb positioning=\u00bbabsolute\u00bb position_origin_a=\u00bbbottom_right\u00bb vertical_offset=\u00bb-180px\u00bb width=\u00bb100%\u00bb max_width=\u00bb535px\u00bb border_width_all=\u00bb4px\u00bb border_color_all=\u00bb#FFFFFF\u00bb global_colors_info=\u00bb{}\u00bb][\/et_pb_image][\/et_pb_column][et_pb_column type=\u00bb2_5&#8243; _builder_version=\u00bb4.27.4&#8243; _module_preset=\u00bbdefault\u00bb custom_padding=\u00bb||||false|false\u00bb custom_padding_tablet=\u00bb10em||||false|false\u00bb custom_padding_phone=\u00bb10em||||false|false\u00bb custom_padding_last_edited=\u00bbon|tablet\u00bb global_colors_info=\u00bb{}\u00bb][et_pb_text module_class=\u00bbtseccion subtitulo\u00bb _builder_version=\u00bb4.27.4&#8243; _module_preset=\u00bbdefault\u00bb text_font=\u00bb|300|||||||\u00bb text_letter_spacing=\u00bb2px\u00bb header_2_font=\u00bb|300|||||||\u00bb header_2_text_color=\u00bb#000000&#8243; header_2_font_size=\u00bb46px\u00bb header_2_line_height=\u00bb1.4em\u00bb global_colors_info=\u00bb{}\u00bb]<\/p>\n<h2>Qu\u00e9 puedes esperar<\/h2>\n<p>[\/et_pb_text][et_pb_divider _builder_version=\u00bb4.27.4&#8243; _module_preset=\u00bbdefault\u00bb width=\u00bb50%\u00bb module_alignment_tablet=\u00bbcenter\u00bb module_alignment_phone=\u00bbcenter\u00bb module_alignment_last_edited=\u00bbon|tablet\u00bb locked=\u00bboff\u00bb global_colors_info=\u00bb{}\u00bb][\/et_pb_divider][et_pb_text _builder_version=\u00bb4.27.4&#8243; _module_preset=\u00bbdefault\u00bb text_font=\u00bb|300|||||||\u00bb text_font_size=\u00bb20px\u00bb text_line_height=\u00bb1.75em\u00bb ul_text_align=\u00bbleft\u00bb ul_line_height=\u00bb2em\u00bb text_orientation=\u00bbright\u00bb max_width=\u00bb100%\u00bb max_width_tablet=\u00bb100%\u00bb max_width_phone=\u00bb100%\u00bb max_width_last_edited=\u00bbon|tablet\u00bb text_orientation_tablet=\u00bbcenter\u00bb text_orientation_phone=\u00bbcenter\u00bb text_orientation_last_edited=\u00bbon|tablet\u00bb global_colors_info=\u00bb{}\u00bb]<\/p>\n<ul>\n<li>Trato directo y comunicaci\u00f3n r\u00e1pida.<\/li>\n<li><strong> Presupuesto cerrado por contrato<\/strong>, sin costes ocultos.<\/li>\n<li>Entregas dentro del plazo acordado.<\/li>\n<li>Asesoramiento previo y acompa\u00f1amiento en cada fase.<\/li>\n<li>Posibilidad de a\u00f1adir \u00e1lbum f\u00edsico o v\u00eddeo si lo deseas.<\/li>\n<\/ul>\n<p>[\/et_pb_text][et_pb_divider _builder_version=\u00bb4.27.4&#8243; _module_preset=\u00bbdefault\u00bb width=\u00bb70%\u00bb custom_margin=\u00bb||0px||false|false\u00bb global_colors_info=\u00bb{}\u00bb][\/et_pb_divider][et_pb_text _builder_version=\u00bb4.27.4&#8243; _module_preset=\u00bbdefault\u00bb text_font=\u00bb&#8211;et_global_body_font|700|||||||\u00bb text_letter_spacing=\u00bb2px\u00bb text_line_height=\u00bb20px\u00bb custom_margin=\u00bb||2rem||false|false\u00bb global_colors_info=\u00bb{}\u00bb]\u00bfEmpezamos con tu proyecto?[\/et_pb_text][et_pb_button button_url=\u00bb@ET-DC@eyJkeW5hbWljIjp0cnVlLCJjb250ZW50IjoicG9zdF9saW5rX3VybF9wYWdlIiwic2V0dGluZ3MiOnsicG9zdF9pZCI6IjEwMDc3In19@\u00bb button_text=\u00bbReserva fecha\u00bb module_class=\u00bbparrafos\u00bb _builder_version=\u00bb4.27.4&#8243; _dynamic_attributes=\u00bbbutton_url\u00bb _module_preset=\u00bbdefault\u00bb custom_button=\u00bbon\u00bb button_bg_color=\u00bb#000000&#8243; button_font=\u00bb&#8211;et_global_body_font||||||||\u00bb button_icon=\u00bb&#xf061;||fa||900&#8243; background_layout=\u00bbdark\u00bb custom_padding=\u00bb0px||2px||false|false\u00bb global_colors_info=\u00bb{}\u00bb][\/et_pb_button][\/et_pb_column][\/et_pb_row][\/et_pb_section][et_pb_section fb_built=\u00bb1&#8243; module_class=\u00bbseccionesh faqsh\u00bb _builder_version=\u00bb4.27.4&#8243; _module_preset=\u00bbdefault\u00bb custom_padding=\u00bb0px||||false|false\u00bb global_colors_info=\u00bb{}\u00bb][et_pb_row _builder_version=\u00bb4.27.4&#8243; _module_preset=\u00bbdefault\u00bb custom_padding=\u00bb||0px||false|false\u00bb global_colors_info=\u00bb{}\u00bb][et_pb_column type=\u00bb4_4&#8243; _builder_version=\u00bb4.27.4&#8243; _module_preset=\u00bbdefault\u00bb global_colors_info=\u00bb{}\u00bb][et_pb_text module_class=\u00bbsubth\u00bb _builder_version=\u00bb4.27.4&#8243; _module_preset=\u00bbdefault\u00bb text_font=\u00bb|700|||||||\u00bb text_font_size=\u00bb64px\u00bb text_line_height=\u00bb1.2em\u00bb header_2_font=\u00bbSohne Extra Bold||||||||\u00bb header_2_font_size=\u00bb64px\u00bb header_2_line_height=\u00bb1.2em\u00bb custom_margin=\u00bb||2rem||false|false\u00bb global_colors_info=\u00bb{}\u00bb]<\/p>\n<p>Sal de dudas<\/p>\n<p>[\/et_pb_text][\/et_pb_column][\/et_pb_row][et_pb_row column_structure=\u00bb1_2,1_2&#8243; _builder_version=\u00bb4.27.4&#8243; _module_preset=\u00bbdefault\u00bb custom_padding=\u00bb0px||0px||false|false\u00bb global_colors_info=\u00bb{}\u00bb][et_pb_column type=\u00bb1_2&#8243; _builder_version=\u00bb4.27.4&#8243; _module_preset=\u00bbdefault\u00bb global_colors_info=\u00bb{}\u00bb][et_pb_image src=\u00bbhttps:\/\/alexguillenfotografo.com\/wp-content\/uploads\/sites\/3\/2025\/11\/tuproyecto06.jpg\u00bb title_text=\u00bbtuproyecto06&#8243; _builder_version=\u00bb4.27.4&#8243; _module_preset=\u00bbdefault\u00bb global_colors_info=\u00bb{}\u00bb][\/et_pb_image][\/et_pb_column][et_pb_column type=\u00bb1_2&#8243; _builder_version=\u00bb4.27.4&#8243; _module_preset=\u00bbdefault\u00bb global_colors_info=\u00bb{}\u00bb][et_pb_toggle title=\u00bb\u00bfCon cu\u00e1nta antelaci\u00f3n debo reservar?\u00bb open=\u00bbon\u00bb open_toggle_text_color=\u00bb#000000&#8243; icon_color=\u00bb#000000&#8243; toggle_icon=\u00bb&#x43;||divi||400&#8243; open_icon_color=\u00bb#000000&#8243; open_toggle_icon=\u00bb&#x42;||divi||400&#8243; _builder_version=\u00bb4.27.4&#8243; _module_preset=\u00bbdefault\u00bb title_text_color=\u00bb#000000&#8243; title_level=\u00bbh3&#8243; title_font=\u00bb|600|||||||\u00bb title_font_size=\u00bb24px\u00bb title_line_height=\u00bb1.75em\u00bb background_color=\u00bbRGBA(255,255,255,0)\u00bb custom_margin=\u00bb||2rem||false|false\u00bb custom_padding=\u00bb0px|0px|0px|0px|false|false\u00bb border_width_all=\u00bb0px\u00bb global_colors_info=\u00bb{}\u00bb]<\/p>\n<p>Depende del tipo de sesi\u00f3n y de la \u00e9poca del a\u00f1o. En primavera y oto\u00f1o, lo ideal es reservar con 3 o 4 semanas de margen, aunque <strong>mi consejo general es, independientemente de la \u00e9poca y el tipo sesi\u00f3n, hacer la reserva con un m\u00ednimo de 2 meses.<\/strong><\/p>\n<p>[\/et_pb_toggle][et_pb_toggle title=\u00bb\u00bfCu\u00e1ndo se entregan las fotos?\u00bb open_toggle_text_color=\u00bb#000000&#8243; icon_color=\u00bb#000000&#8243; toggle_icon=\u00bb&#x43;||divi||400&#8243; open_icon_color=\u00bb#000000&#8243; open_toggle_icon=\u00bb&#x42;||divi||400&#8243; _builder_version=\u00bb4.27.4&#8243; _module_preset=\u00bbdefault\u00bb title_text_color=\u00bb#000000&#8243; title_level=\u00bbh3&#8243; title_font=\u00bb|600|||||||\u00bb title_font_size=\u00bb24px\u00bb title_line_height=\u00bb1.75em\u00bb background_color=\u00bbRGBA(255,255,255,0)\u00bb custom_margin=\u00bb||2rem||false|false\u00bb custom_padding=\u00bb0px|0px|0px|0px|false|false\u00bb border_width_all=\u00bb0px\u00bb global_colors_info=\u00bb{}\u00bb]<\/p>\n<p>Seg\u00fan el tipo de proyecto:<\/p>\n<ul>\n<li>Sesiones personales o familiares: <strong>7 a 10 d\u00edas laborables<\/strong>.<\/li>\n<li>Proyectos corporativos o de producto: <strong>3 a 7 d\u00edas laborables<\/strong>.<\/li>\n<\/ul>\n<p>[\/et_pb_toggle][et_pb_toggle title=\u00bb\u00bfQu\u00e9 incluye el precio?\u00bb open_toggle_text_color=\u00bb#000000&#8243; icon_color=\u00bb#000000&#8243; toggle_icon=\u00bb&#x43;||divi||400&#8243; open_icon_color=\u00bb#000000&#8243; open_toggle_icon=\u00bb&#x42;||divi||400&#8243; _builder_version=\u00bb4.27.4&#8243; _module_preset=\u00bbdefault\u00bb title_text_color=\u00bb#000000&#8243; title_level=\u00bbh3&#8243; title_font=\u00bb|600|||||||\u00bb title_font_size=\u00bb24px\u00bb title_line_height=\u00bb1.75em\u00bb background_color=\u00bbRGBA(255,255,255,0)\u00bb custom_margin=\u00bb||2rem||false|false\u00bb custom_padding=\u00bb0px|0px|0px|0px|false|false\u00bb border_width_all=\u00bb0px\u00bb global_colors_info=\u00bb{}\u00bb]<\/p>\n<p>Incluye la sesi\u00f3n, la edici\u00f3n de las im\u00e1genes y la entrega digital final.<br \/>Todos los detalles se especifican en el contrato desde el principio.<\/p>\n<p>[\/et_pb_toggle][et_pb_toggle title=\u00bb\u00bfSe puede a\u00f1adir v\u00eddeo o dron?\u00bb open_toggle_text_color=\u00bb#000000&#8243; icon_color=\u00bb#000000&#8243; toggle_icon=\u00bb&#x43;||divi||400&#8243; open_icon_color=\u00bb#000000&#8243; open_toggle_icon=\u00bb&#x42;||divi||400&#8243; _builder_version=\u00bb4.27.4&#8243; _module_preset=\u00bbdefault\u00bb title_text_color=\u00bb#000000&#8243; title_level=\u00bbh3&#8243; title_font=\u00bb|600|||||||\u00bb title_font_size=\u00bb24px\u00bb title_line_height=\u00bb1.75em\u00bb background_color=\u00bbRGBA(255,255,255,0)\u00bb custom_margin=\u00bb||2rem||false|false\u00bb custom_padding=\u00bb0px|0px|0px|0px|false|false\u00bb border_width_all=\u00bb0px\u00bb global_colors_info=\u00bb{}\u00bb]<\/p>\n<p>S\u00ed, ofrecemos <strong>servicios de v\u00eddeo y planos a\u00e9reos<\/strong> para proyectos que lo requieran.<\/p>\n<p>[\/et_pb_toggle][et_pb_toggle title=\u00bb\u00bfC\u00f3mo se formaliza la reserva?\u00bb open_toggle_text_color=\u00bb#000000&#8243; icon_color=\u00bb#000000&#8243; toggle_icon=\u00bb&#x43;||divi||400&#8243; open_icon_color=\u00bb#000000&#8243; open_toggle_icon=\u00bb&#x42;||divi||400&#8243; _builder_version=\u00bb4.27.4&#8243; _module_preset=\u00bbdefault\u00bb title_text_color=\u00bb#000000&#8243; title_level=\u00bbh3&#8243; title_font=\u00bb|600|||||||\u00bb title_font_size=\u00bb24px\u00bb title_line_height=\u00bb1.75em\u00bb background_color=\u00bbRGBA(255,255,255,0)\u00bb custom_margin=\u00bb||2rem||false|false\u00bb custom_padding=\u00bb0px|0px|0px|0px|false|false\u00bb border_width_all=\u00bb0px\u00bb global_colors_info=\u00bb{}\u00bb]<\/p>\n<p>Con una <strong>se\u00f1al inicial<\/strong> y un acuerdo firmado que asegura la fecha y las condiciones del trabajo.<\/p>\n<p>[\/et_pb_toggle][et_pb_toggle title=\u00bb\u00bfQu\u00e9 pasa si llueve o tengo que cambiar la fecha?\u00bb open_toggle_text_color=\u00bb#000000&#8243; icon_color=\u00bb#000000&#8243; toggle_icon=\u00bb&#x43;||divi||400&#8243; open_icon_color=\u00bb#000000&#8243; open_toggle_icon=\u00bb&#x42;||divi||400&#8243; _builder_version=\u00bb4.27.4&#8243; _module_preset=\u00bbdefault\u00bb title_text_color=\u00bb#000000&#8243; title_level=\u00bbh3&#8243; title_font=\u00bb|600|||||||\u00bb title_font_size=\u00bb24px\u00bb title_line_height=\u00bb1.75em\u00bb background_color=\u00bbRGBA(255,255,255,0)\u00bb custom_margin=\u00bb||2rem||false|false\u00bb custom_padding=\u00bb0px|0px|0px|0px|false|false\u00bb border_width_all=\u00bb0px\u00bb global_colors_info=\u00bb{}\u00bb]<\/p>\n<p>Podemos<strong> reprogramar la sesi\u00f3n<\/strong> sin problema seg\u00fan disponibilidad.<\/p>\n<p>[\/et_pb_toggle][\/et_pb_column][\/et_pb_row][\/et_pb_section][et_pb_section fb_built=\u00bb1&#8243; _builder_version=\u00bb4.27.4&#8243; _module_preset=\u00bbdefault\u00bb use_background_color_gradient=\u00bbon\u00bb background_color_gradient_stops=\u00bbrgba(0,0,0,0.39) 0%|rgba(0,0,0,0.4) 99%\u00bb background_color_gradient_overlays_image=\u00bbon\u00bb background_image=\u00bbhttps:\/\/alexguillenfotografo.com\/wp-content\/uploads\/sites\/3\/2025\/11\/tuproyecto03.jpg\u00bb global_colors_info=\u00bb{}\u00bb][et_pb_row _builder_version=\u00bb4.27.4&#8243; _module_preset=\u00bbdefault\u00bb width=\u00bb90%\u00bb global_colors_info=\u00bb{}\u00bb][et_pb_column type=\u00bb4_4&#8243; _builder_version=\u00bb4.27.4&#8243; _module_preset=\u00bbdefault\u00bb global_colors_info=\u00bb{}\u00bb][et_pb_text module_class=\u00bbtseccion subtitulo titulares_2&#8243; _builder_version=\u00bb4.27.4&#8243; _module_preset=\u00bbdefault\u00bb text_font=\u00bb|300|||||||\u00bb text_font_size=\u00bb46px\u00bb text_letter_spacing=\u00bb2px\u00bb text_line_height=\u00bb1.4em\u00bb header_2_font=\u00bb|300|||||||\u00bb header_2_font_size=\u00bb46px\u00bb header_2_line_height=\u00bb1.4em\u00bb text_orientation=\u00bbcenter\u00bb background_layout=\u00bbdark\u00bb max_width=\u00bb80%\u00bb module_alignment=\u00bbcenter\u00bb header_2_text_align_tablet=\u00bbleft\u00bb header_2_text_align_phone=\u00bbleft\u00bb header_2_text_align_last_edited=\u00bbon|tablet\u00bb global_colors_info=\u00bb{}\u00bb]<\/p>\n<p>La confianza se construye paso a paso, y cada proyecto es una <strong>historia<\/strong> que merece ser contada <strong>con calma<\/strong><\/p>\n<p>[\/et_pb_text][et_pb_text module_class=\u00bbpmas\u00bb _builder_version=\u00bb4.27.4&#8243; _module_preset=\u00bbdefault\u00bb text_font_size=\u00bb20px\u00bb text_line_height=\u00bb1.75em\u00bb text_orientation=\u00bbcenter\u00bb background_layout=\u00bbdark\u00bb global_colors_info=\u00bb{}\u00bb]Cu\u00e9ntame tu idea y te preparo una propuesta personalizada[\/et_pb_text][et_pb_button button_url=\u00bb@ET-DC@eyJkeW5hbWljIjp0cnVlLCJjb250ZW50IjoicG9zdF9saW5rX3VybF9wYWdlIiwic2V0dGluZ3MiOnsicG9zdF9pZCI6IjEwMDc3In19@\u00bb button_text=\u00bbContacta aqu\u00ed \u00bb button_alignment=\u00bbcenter\u00bb _builder_version=\u00bb4.27.4&#8243; _dynamic_attributes=\u00bbbutton_url\u00bb _module_preset=\u00bbdefault\u00bb custom_button=\u00bbon\u00bb button_text_color=\u00bb#FFFFFF\u00bb button_border_width=\u00bb1px\u00bb button_border_color=\u00bb#FFFFFF\u00bb button_use_icon=\u00bboff\u00bb custom_margin=\u00bb3rem||||false|false\u00bb hover_enabled=\u00bb0&#8243; locked=\u00bboff\u00bb global_colors_info=\u00bb{}\u00bb button_text_color__hover_enabled=\u00bbon|hover\u00bb button_text_color__hover=\u00bb#000000&#8243; button_bg_color__hover_enabled=\u00bbon|hover\u00bb button_bg_color__hover=\u00bb#FFFFFF\u00bb button_bg_enable_color__hover=\u00bbon\u00bb sticky_enabled=\u00bb0&#8243;][\/et_pb_button][\/et_pb_column][\/et_pb_row][\/et_pb_section]<\/p>\n","protected":false},"excerpt":{"rendered":"<p>Tu proyecto o sesi\u00f3n paso a pasoTransparencia, acompa\u00f1amiento y una experiencia pensada para tiCada sesi\u00f3n o proyecto comienza con una conversaci\u00f3n. Desde ese primer contacto, mi objetivo es que te sientas acompa\u00f1ad@, comprendid@ y seguro de que todo saldr\u00e1 como esperas. Cuido cada detalle del proceso, para que disfrutes tanto del resultado como de la [&hellip;]<\/p>\n","protected":false},"author":1,"featured_media":0,"parent":0,"menu_order":0,"comment_status":"closed","ping_status":"closed","template":"","meta":{"_et_pb_use_builder":"on","_et_pb_old_content":"<!-- wp:divi\/placeholder \/-->","_et_gb_content_width":"","footnotes":""},"class_list":["post-10073","page","type-page","status-publish","hentry"],"_links":{"self":[{"href":"https:\/\/alexguillenfotografo.com\/studio\/wp-json\/wp\/v2\/pages\/10073","targetHints":{"allow":["GET"]}}],"collection":[{"href":"https:\/\/alexguillenfotografo.com\/studio\/wp-json\/wp\/v2\/pages"}],"about":[{"href":"https:\/\/alexguillenfotografo.com\/studio\/wp-json\/wp\/v2\/types\/page"}],"author":[{"embeddable":true,"href":"https:\/\/alexguillenfotografo.com\/studio\/wp-json\/wp\/v2\/users\/1"}],"replies":[{"embeddable":true,"href":"https:\/\/alexguillenfotografo.com\/studio\/wp-json\/wp\/v2\/comments?post=10073"}],"version-history":[{"count":15,"href":"https:\/\/alexguillenfotografo.com\/studio\/wp-json\/wp\/v2\/pages\/10073\/revisions"}],"predecessor-version":[{"id":11662,"href":"https:\/\/alexguillenfotografo.com\/studio\/wp-json\/wp\/v2\/pages\/10073\/revisions\/11662"}],"wp:attachment":[{"href":"https:\/\/alexguillenfotografo.com\/studio\/wp-json\/wp\/v2\/media?parent=10073"}],"curies":[{"name":"wp","href":"https:\/\/api.w.org\/{rel}","templated":true}]}}